{"id":1701,"date":"2023-04-01T17:05:00","date_gmt":"2023-04-01T17:05:00","guid":{"rendered":"https:\/\/fondsclimatmontreal.com\/grant\/reseau-dexpertise-sur-le-stationnement\/"},"modified":"2025-03-05T16:50:51","modified_gmt":"2025-03-05T16:50:51","slug":"reseau-dexpertise-sur-le-stationnement","status":"publish","type":"grant","link":"https:\/\/fondsclimatmontreal.com\/en\/grant\/reseau-dexpertise-sur-le-stationnement\/","title":{"rendered":"Parking Expertise Network by CRE Montr\u00e9al"},"content":{"rendered":"\n    <section class=\"text-reveal section\">\n        \n<span class=\"anchor || absolute top-0 left-0\" ><\/span>\n        <div class=\"wrapper || flex flex-col gap-8 || lg:grid-col\">\n            <div class=\"flex flex-col gap-6 || lg:col-span-7\">\n                <p class=\"js-text-reveal || font-primary text-[clamp(1.75rem,2.71vw,3.25rem)] font-normal leading-[110%] tracking-normal text-accent\">The parking expertise network aims to develop a network of partners, experts and practitioners to support the transformation of parking regulations, planning, development and management on the private and public territory of the CMM, based on the approach developed as part of CRE-Montr\u00e9al&#8217;s Stationnement \u00e9coresponsable initiative.<\/p>\n                            <\/div>\n            <span class=\"flex flex-col gap-3 self-center w-full || lg:col-start-9 lg:col-span-4\">\n                                    <div class=\"flex flex-wrap relative border-t border-black\/30\">\n                                                    <p class=\"information || flex flex-col gap-2 relative py-6 text-accent\">\n                                                                    <span class=\"subtitle\">\n                                        Grant                                    <\/span>\n                                                                                                    <span class=\"body-text\">\n                                        $32,000                                    <\/span>\n                                                            <\/p>\n                                                    <p class=\"information || flex flex-col gap-2 relative py-6 text-accent\">\n                                                                    <span class=\"subtitle\">\n                                        Category                                    <\/span>\n                                                                                                    <span class=\"body-text\">\n                                        Mobility                                    <\/span>\n                                                            <\/p>\n                                                    <p class=\"information || flex flex-col gap-2 relative py-6 text-accent\">\n                                                                    <span class=\"subtitle\">\n                                        Type                                    <\/span>\n                                                                                                    <span class=\"body-text\">\n                                        Charitable organization                                    <\/span>\n                                                            <\/p>\n                                                    <p class=\"information || flex flex-col gap-2 relative py-6 text-accent\">\n                                                                    <span class=\"subtitle\">\n                                        Organization                                    <\/span>\n                                                                                                    <span class=\"body-text\">\n                                        Conseil r\u00e9gional de l&#8217;environnement de Montr\u00e9al                                    <\/span>\n                                                            <\/p>\n                                                    <p class=\"information || flex flex-col gap-2 relative py-6 text-accent\">\n                                                                    <span class=\"subtitle\">\n                                        Year                                    <\/span>\n                                                                                                    <span class=\"body-text\">\n                                        2023                                    <\/span>\n                                                            <\/p>\n                                                    <p class=\"information || flex flex-col gap-2 relative py-6 text-accent\">\n                                                                    <span class=\"subtitle\">\n                                        Status                                    <\/span>\n                                                                                                    <span class=\"body-text\">\n                                        Running                                    <\/span>\n                                                            <\/p>\n                                            <\/div>\n                            <\/span>\n        <\/div>\n    <\/section>\n\n\n\n\n    <section class=\"statistics section || overflow-hidden\">\n        \n<span class=\"anchor || absolute top-0 left-0\" ><\/span>\n        <div class=\"wrapper\">\n            <div class=\"swiper-statistics swiper-container || grid-col\">\n                <div class=\"swiper-wrapper || col-span-full || sm:col-span-6 lg:col-span-5 2xl:col-span-4\">\n                    \n<div class=\"swiper-slide || relative h-full rounded-md overflow-hidden min-h-[31.25rem] after:content-[''] after:absolute after:-right-6 after:top-0 after:w-6 after:h-full || xl:min-h-[37.5rem] 2xl:min-h-[43.75rem]\">\n\n    <span class=\"[&#038;_.parallax-container]:absolute\">\n        <div class=\"parallax-container\">\n    <div class=\"parallax-content\">\n        <img width=\"1024\" height=\"768\" src=\"https:\/\/fondsclimatmontreal.com\/wp-content\/uploads\/2025\/02\/Reseau-expertise-stationnement_CRE-3-scaled.jpg\" class=\"absolute inset-0 w-full h-full object-cover transition-transform duration-300 ease-[cubic-bezier(0.07,0.67,0.58,1)] [.swiper-slide:hover_&amp;]:scale-105 -z-[1]\" alt=\"&quot;Parking avec un sentier peint en bleu le long d&#039;arbres et d&#039;arbustes plant\u00e9s. Le terrain est en grande partie vide\" loading=\"eager\" fetchpriority=\"high\" decoding=\"async\" sizes=\"(max-width: 640px) 100vw, (max-width: 1024px) 50vw, 33vw\" srcset=\"https:\/\/fondsclimatmontreal.com\/wp-content\/uploads\/2025\/02\/Reseau-expertise-stationnement_CRE-3-1920x1440.jpg 1920w, https:\/\/fondsclimatmontreal.com\/wp-content\/uploads\/2025\/02\/Reseau-expertise-stationnement_CRE-3-1024x768.jpg 1024w, https:\/\/fondsclimatmontreal.com\/wp-content\/uploads\/2025\/02\/Reseau-expertise-stationnement_CRE-3-640x480.jpg 640w\" \/>    <\/div>\n<\/div>    <\/span>\n    <div class=\"absolute inset-0 bg-black\/50 transition-colors duration-300 ease-[cubic-bezier(0.07,0.67,0.58,1)] [.swiper-slide:hover_&#038;]:bg-black\/60 -z-[1]\"><\/div>\n\n    <div class=\"stat || relative flex flex-col justify-between h-full gap-6 p-8 || lg:p-12 2xl:p-16\">\n        <span class=\"flex flex-wrap text-light\">\n                        <h2 class=\"text-h1\">4<\/h2>\n                    <\/span>\n        <div class=\"wysiwyg-container || light\">\n    <p>Series of tools produced to promote and operate the expertise network and its activities.<\/p>\n<\/div>\n    <\/div>\n\n<\/div>\n<div class=\"swiper-slide || relative h-full rounded-md overflow-hidden min-h-[31.25rem] after:content-[''] after:absolute after:-right-6 after:top-0 after:w-6 after:h-full || xl:min-h-[37.5rem] 2xl:min-h-[43.75rem]\">\n\n    <span class=\"[&#038;_.parallax-container]:absolute\">\n        <div class=\"parallax-container\">\n    <div class=\"parallax-content\">\n        <img width=\"1024\" height=\"683\" src=\"https:\/\/fondsclimatmontreal.com\/wp-content\/uploads\/2025\/02\/Reseau-expertise-stationnement_CRE-4-scaled.jpg\" class=\"absolute inset-0 w-full h-full object-cover transition-transform duration-300 ease-[cubic-bezier(0.07,0.67,0.58,1)] [.swiper-slide:hover_&amp;]:scale-105 -z-[1]\" alt=\"&quot;Un abri \u00e0 v\u00e9los moderne\" loading=\"eager\" fetchpriority=\"high\" decoding=\"async\" sizes=\"(max-width: 640px) 100vw, (max-width: 1024px) 50vw, 33vw\" srcset=\"https:\/\/fondsclimatmontreal.com\/wp-content\/uploads\/2025\/02\/Reseau-expertise-stationnement_CRE-4-1920x1280.jpg 1920w, https:\/\/fondsclimatmontreal.com\/wp-content\/uploads\/2025\/02\/Reseau-expertise-stationnement_CRE-4-1024x683.jpg 1024w, https:\/\/fondsclimatmontreal.com\/wp-content\/uploads\/2025\/02\/Reseau-expertise-stationnement_CRE-4-640x427.jpg 640w\" \/>    <\/div>\n<\/div>    <\/span>\n    <div class=\"absolute inset-0 bg-black\/50 transition-colors duration-300 ease-[cubic-bezier(0.07,0.67,0.58,1)] [.swiper-slide:hover_&#038;]:bg-black\/60 -z-[1]\"><\/div>\n\n    <div class=\"stat || relative flex flex-col justify-between h-full gap-6 p-8 || lg:p-12 2xl:p-16\">\n        <span class=\"flex flex-wrap text-light\">\n                        <h2 class=\"text-h1\">120<\/h2>\n                    <\/span>\n        <div class=\"wysiwyg-container || light\">\n    <p>People interested in joining the network of expertise.<\/p>\n<\/div>\n    <\/div>\n\n<\/div>\n<div class=\"swiper-slide || relative h-full rounded-md overflow-hidden min-h-[31.25rem] after:content-[''] after:absolute after:-right-6 after:top-0 after:w-6 after:h-full || xl:min-h-[37.5rem] 2xl:min-h-[43.75rem]\">\n\n    <span class=\"[&#038;_.parallax-container]:absolute\">\n        <div class=\"parallax-container\">\n    <div class=\"parallax-content\">\n        <img width=\"1024\" height=\"683\" src=\"https:\/\/fondsclimatmontreal.com\/wp-content\/uploads\/2025\/02\/Reseau-expertise-stationnement_CRE-5-scaled.jpg\" class=\"absolute inset-0 w-full h-full object-cover transition-transform duration-300 ease-[cubic-bezier(0.07,0.67,0.58,1)] [.swiper-slide:hover_&amp;]:scale-105 -z-[1]\" alt=\"&quot;Trottoir flanqu\u00e9 d&#039;un parking avec une voiture noire gar\u00e9e sur la gauche et d&#039;une zone herbeuse avec des arbres et une cl\u00f4ture noire sur la droite\" loading=\"eager\" fetchpriority=\"high\" decoding=\"async\" sizes=\"(max-width: 640px) 100vw, (max-width: 1024px) 50vw, 33vw\" srcset=\"https:\/\/fondsclimatmontreal.com\/wp-content\/uploads\/2025\/02\/Reseau-expertise-stationnement_CRE-5-1920x1280.jpg 1920w, https:\/\/fondsclimatmontreal.com\/wp-content\/uploads\/2025\/02\/Reseau-expertise-stationnement_CRE-5-1024x683.jpg 1024w, https:\/\/fondsclimatmontreal.com\/wp-content\/uploads\/2025\/02\/Reseau-expertise-stationnement_CRE-5-640x427.jpg 640w\" \/>    <\/div>\n<\/div>    <\/span>\n    <div class=\"absolute inset-0 bg-black\/50 transition-colors duration-300 ease-[cubic-bezier(0.07,0.67,0.58,1)] [.swiper-slide:hover_&#038;]:bg-black\/60 -z-[1]\"><\/div>\n\n    <div class=\"stat || relative flex flex-col justify-between h-full gap-6 p-8 || lg:p-12 2xl:p-16\">\n        <span class=\"flex flex-wrap text-light\">\n                        <h2 class=\"text-h1\">10<\/h2>\n                    <\/span>\n        <div class=\"wysiwyg-container || light\">\n    <p>Activities planned in the network of expertise.<\/p>\n<\/div>\n    <\/div>\n\n<\/div>\n<div class=\"swiper-slide || relative h-full rounded-md overflow-hidden min-h-[31.25rem] after:content-[''] after:absolute after:-right-6 after:top-0 after:w-6 after:h-full || xl:min-h-[37.5rem] 2xl:min-h-[43.75rem]\">\n\n    <span class=\"[&#038;_.parallax-container]:absolute\">\n        <div class=\"parallax-container\">\n    <div class=\"parallax-content\">\n        <img width=\"1024\" height=\"683\" src=\"https:\/\/fondsclimatmontreal.com\/wp-content\/uploads\/2025\/02\/Reseau-expertise-stationnement_CRE-6-scaled.jpg\" class=\"absolute inset-0 w-full h-full object-cover transition-transform duration-300 ease-[cubic-bezier(0.07,0.67,0.58,1)] [.swiper-slide:hover_&amp;]:scale-105 -z-[1]\" alt=\"&quot;Un parking presque vide avec un motif distinctif de dalles de pierre imbriqu\u00e9es les unes dans les autres. Des arbustes verts bordent le terrain et quelques arbres sont visibles \u00e0 l&#039;arri\u00e8re-plan sous un ciel bleu clair.&quot;\" loading=\"eager\" fetchpriority=\"high\" decoding=\"async\" sizes=\"(max-width: 640px) 100vw, (max-width: 1024px) 50vw, 33vw\" srcset=\"https:\/\/fondsclimatmontreal.com\/wp-content\/uploads\/2025\/02\/Reseau-expertise-stationnement_CRE-6-1920x1280.jpg 1920w, https:\/\/fondsclimatmontreal.com\/wp-content\/uploads\/2025\/02\/Reseau-expertise-stationnement_CRE-6-1024x683.jpg 1024w, https:\/\/fondsclimatmontreal.com\/wp-content\/uploads\/2025\/02\/Reseau-expertise-stationnement_CRE-6-640x427.jpg 640w\" \/>    <\/div>\n<\/div>    <\/span>\n    <div class=\"absolute inset-0 bg-black\/50 transition-colors duration-300 ease-[cubic-bezier(0.07,0.67,0.58,1)] [.swiper-slide:hover_&#038;]:bg-black\/60 -z-[1]\"><\/div>\n\n    <div class=\"stat || relative flex flex-col justify-between h-full gap-6 p-8 || lg:p-12 2xl:p-16\">\n        <span class=\"flex flex-wrap text-light\">\n                        <h2 class=\"text-h1\">1<\/h2>\n                    <\/span>\n        <div class=\"wysiwyg-container || light\">\n    <p>Series of 2 introductory activities on parking carried out in the network of expertise.<\/p>\n<\/div>\n    <\/div>\n\n<\/div>\n<div class=\"swiper-slide || relative h-full rounded-md overflow-hidden min-h-[31.25rem] after:content-[''] after:absolute after:-right-6 after:top-0 after:w-6 after:h-full || xl:min-h-[37.5rem] 2xl:min-h-[43.75rem]\">\n\n    <span class=\"[&#038;_.parallax-container]:absolute\">\n        <div class=\"parallax-container\">\n    <div class=\"parallax-content\">\n        <img width=\"1024\" height=\"683\" src=\"https:\/\/fondsclimatmontreal.com\/wp-content\/uploads\/2025\/02\/Reseau-expertise-stationnement_CRE-7-scaled.jpg\" class=\"absolute inset-0 w-full h-full object-cover transition-transform duration-300 ease-[cubic-bezier(0.07,0.67,0.58,1)] [.swiper-slide:hover_&amp;]:scale-105 -z-[1]\" alt=\"&quot;Une voiture \u00e9lectrique blanche branch\u00e9e sur une borne de recharge dans un parking entour\u00e9 d&#039;herbes hautes et d&#039;arbres d&#039;automne. Des panneaux au-dessus de la station indiquent qu&#039;il est interdit de se garer\" loading=\"eager\" fetchpriority=\"high\" decoding=\"async\" sizes=\"(max-width: 640px) 100vw, (max-width: 1024px) 50vw, 33vw\" srcset=\"https:\/\/fondsclimatmontreal.com\/wp-content\/uploads\/2025\/02\/Reseau-expertise-stationnement_CRE-7-1920x1280.jpg 1920w, https:\/\/fondsclimatmontreal.com\/wp-content\/uploads\/2025\/02\/Reseau-expertise-stationnement_CRE-7-1024x683.jpg 1024w, https:\/\/fondsclimatmontreal.com\/wp-content\/uploads\/2025\/02\/Reseau-expertise-stationnement_CRE-7-640x427.jpg 640w\" \/>    <\/div>\n<\/div>    <\/span>\n    <div class=\"absolute inset-0 bg-black\/50 transition-colors duration-300 ease-[cubic-bezier(0.07,0.67,0.58,1)] [.swiper-slide:hover_&#038;]:bg-black\/60 -z-[1]\"><\/div>\n\n    <div class=\"stat || relative flex flex-col justify-between h-full gap-6 p-8 || lg:p-12 2xl:p-16\">\n        <span class=\"flex flex-wrap text-light\">\n                        <h2 class=\"text-h1\">175<\/h2>\n                    <\/span>\n        <div class=\"wysiwyg-container || light\">\n    <p><span class=\"--l --r hover:bg-[#B4DAE8] hover:dark:bg-blue-600\">Participants<\/span> <span class=\"--l --r hover:bg-[#B4DAE8] hover:dark:bg-blue-600\">in<\/span> <span class=\"--l --r hover:bg-[#B4DAE8] hover:dark:bg-blue-600\">the<\/span> <span class=\"--l --r hover:bg-[#B4DAE8] hover:dark:bg-blue-600\">first<\/span> <span class=\"--l --r hover:bg-[#B4DAE8] hover:dark:bg-blue-600\">2<\/span> <span class=\"--l --r hover:bg-[#B4DAE8] hover:dark:bg-blue-600\">activities<\/span> <span class=\"--l --r hover:bg-[#B4DAE8] hover:dark:bg-blue-600\">of<\/span> <span class=\"--l --r hover:bg-[#B4DAE8] hover:dark:bg-blue-600\">the<\/span> <span class=\"--l --r hover:bg-[#B4DAE8] hover:dark:bg-blue-600\">expertise<\/span> <span class=\"--l --r hover:bg-[#B4DAE8] hover:dark:bg-blue-600\">network<\/span><span class=\"--l --r hover:bg-[#B4DAE8] hover:dark:bg-blue-600\">.<\/span><\/p>\n<\/div>\n    <\/div>\n\n<\/div>                <\/div>\n                <div class=\"navigations || flex justify-end mt-12 h-fit [&#038;_button]:p-4 [&#038;_button]:px-5 [&#038;_button]:border [&#038;_button.prev]:border-l-0 [&#038;_button.next]:border-l-0 [&#038;_button]:border-accent [&#038;_button:not(disabled):hover]:bg-dark-background col-span-full || lg:mt-16 lg:[&#038;_button]:p-7 lg:[&#038;_button]:py-[1.625rem]\">\n                    <button class=\"prev || rotate-180 rounded-r-full transition duration-200\"><svg width=\"7\" height=\"12\" viewBox=\"0 0 7 12\" fill=\"none\" xmlns=\"http:\/\/www.w3.org\/2000\/svg\">\n<path d=\"M1 11L6 6L1 1\" stroke=\"#1E5B37\" stroke-width=\"2\" stroke-linecap=\"round\" stroke-linejoin=\"round\"\/>\n<\/svg>\n<\/button>\n                    <button class=\"next || rounded-r-full transition duration-200\"><svg width=\"7\" height=\"12\" viewBox=\"0 0 7 12\" fill=\"none\" xmlns=\"http:\/\/www.w3.org\/2000\/svg\">\n<path d=\"M1 11L6 6L1 1\" stroke=\"#1E5B37\" stroke-width=\"2\" stroke-linecap=\"round\" stroke-linejoin=\"round\"\/>\n<\/svg>\n<\/button>\n                <\/div>\n            <\/div>\n        <\/div>\n    <\/section>\n\n\n\n<section class=\"text-and-image || section\">\n    \n<span class=\"anchor || absolute top-0 left-0\" ><\/span>\n    <div class=\"wrapper || items-center || lg:grid-col\">\n        <div class=\"content || lg:col-start-1 lg:col-span-6 lg:row-start-1\">\n                            <p class=\"subtitle primary || mb-6\">Developing a network of partners<\/p>\n                            <h2 class=\"text-h2 || text-accent mb-6\">Transforming parking facilities in Greater Montreal<\/h2>\n                        <span class=\"block rounded-md [&#038;_.parallax-container]:rounded-md [&#038;_.parallax-container]:overflow-hidden mb-6 || lg:hidden\">\n                <div class=\"parallax-container\">\n    <div class=\"parallax-content\">\n        <img width=\"1024\" height=\"768\" src=\"https:\/\/fondsclimatmontreal.com\/wp-content\/uploads\/2025\/02\/Reseau-expertise-stationnement_CRE-2-scaled-e1740416822546.jpg\" class=\"parallax-image aspect-square w-full h-full rounded-md\" alt=\"Un v\u00e9hicule \u00e9lectrique est gar\u00e9 et se recharge \u00e0 une station de recharge publique pour VE. La station est signal\u00e9e par des panneaux bilingues et se trouve \u00e0 proximit\u00e9 d&#039;un b\u00e2timent en briques rouges et d&#039;un arbre.\" loading=\"eager\" fetchpriority=\"high\" decoding=\"async\" sizes=\"100vw\" \/>    <\/div>\n<\/div>            <\/span>\n            <div class=\"wysiwyg-container \">\n    <p>In the long term, the Parking Expertise Network aims to revise municipal bylaws to incorporate best practices and provide a better framework for the management and development of parking areas. This work is necessary because the availability of parking has a strong influence on household car ownership and modal choice. In other words, the less parking there is, the less likely people are to choose the car for their journeys.<\/p>\n<\/div>\n        <\/div>\n        <div class=\"lg:col-start-8 mt-8 hidden || lg:block lg:mt-0 lg:col-span-5 lg:row-start-1\">\n            <span class=\"flex flex-col gap-3 rounded-md [&#038;_.parallax-container]:rounded-md [&#038;_.parallax-container]:overflow-hidden\">\n                <div class=\"parallax-container\">\n    <div class=\"parallax-content\">\n        <img width=\"1024\" height=\"768\" src=\"https:\/\/fondsclimatmontreal.com\/wp-content\/uploads\/2025\/02\/Reseau-expertise-stationnement_CRE-2-scaled-e1740416822546.jpg\" class=\"parallax-image aspect-square w-full h-full rounded-md\" alt=\"Un v\u00e9hicule \u00e9lectrique est gar\u00e9 et se recharge \u00e0 une station de recharge publique pour VE. La station est signal\u00e9e par des panneaux bilingues et se trouve \u00e0 proximit\u00e9 d&#039;un b\u00e2timent en briques rouges et d&#039;un arbre.\" loading=\"eager\" fetchpriority=\"high\" decoding=\"async\" sizes=\"100vw\" \/>    <\/div>\n<\/div>                            <\/span>\n        <\/div>\n    <\/div>\n<\/section>\n\n\n    <section class=\"slider-testimony || section\">\n        \n<span class=\"anchor || absolute top-0 left-0\" ><\/span>\n        <div class=\"wrapper\">\n            \n<div class=\"intro-centered || max-w-[54.0625rem] mx-auto w-full text-center mb-12 || lg:mb-16\">\n            <p class=\"subtitle primary || mx-auto\">Citation<\/p>\n                <h2 class=\"text-h2 || text-accent mt-6\">Citation de l&#8217;\u00e9quipe du Conseil r\u00e9gional de l&#8217;environnement de Montr\u00e9al<\/h2>\n        <\/div>\n            <div class=\"flex flex-col p-8 bg-accent\/10 rounded-md gap-8 || lg:flex-row lg:min-h-[31.25rem] 2xl:min-h-[37.5rem] max-sm:p-5\">\n                <div class=\"flex items-center justify-center w-16 h-16 rounded-md bg-primary shrink-0 || lg:w-20 lg:h-20 max-sm:[&#038;_svg]:w-8 max-sm:[&#038;_svg]:h-8\">\n                    <svg width=\"36\" height=\"25\" viewBox=\"0 0 36 25\" fill=\"none\" xmlns=\"http:\/\/www.w3.org\/2000\/svg\">\n<path fill-rule=\"evenodd\" clip-rule=\"evenodd\" d=\"M27.6654 25C26.5185 25 25.4376 24.8176 24.4526 24.4579C23.4267 24.0832 22.5264 23.5238 21.7765 22.7953C20.1766 21.2408 19.3309 18.9688 19.3309 16.2249C19.3309 14.0657 20.8619 10.7102 23.8816 6.25167C26.0892 2.99201 28.3284 0.292448 28.3508 0.26556C28.4906 0.0974331 28.6993 1.90735e-06 28.9195 1.90735e-06H32.0239C32.2953 1.90735e-06 32.5446 0.147575 32.6728 0.383991C32.8009 0.620399 32.7871 0.907286 32.6369 1.13064C30.9017 3.7094 29.1419 6.96474 28.2971 8.57635C30.5151 8.78373 32.3775 9.58961 33.7303 10.9379C34.4755 11.6806 35.0493 12.5697 35.4358 13.5805C35.8102 14.5597 36 15.6299 36 16.7614C36 18.962 35.1331 21.0309 33.5588 22.587C31.9847 24.143 29.8917 25 27.6654 25ZM5.12183 24.4579C4.09593 24.0832 3.19554 23.5238 2.44568 22.7953C0.845757 21.2408 0 18.9688 0 16.2249C0 14.0657 1.53113 10.7102 4.55069 6.25167C6.75835 2.99201 8.99764 0.292448 9.01999 0.26556C9.15982 0.0974331 9.36843 1.90735e-06 9.58862 1.90735e-06H12.6932C12.9645 1.90735e-06 13.2138 0.147575 13.3419 0.383991C13.4701 0.620399 13.4563 0.907286 13.3061 1.13064C11.5708 3.7094 9.81104 6.96474 8.96622 8.57635C11.1843 8.78373 13.0466 9.58961 14.3995 10.9379C15.1447 11.6806 15.7185 12.5697 16.1049 13.5805C16.4794 14.5597 16.6692 15.6299 16.6692 16.7614C16.6692 18.962 15.8022 21.0309 14.228 22.587C12.6538 24.143 10.5608 25 8.33462 25C7.18766 25 6.10676 24.8176 5.12183 24.4579Z\" fill=\"#1E5B37\"\/>\n<\/svg>\n                <\/div>\n                <div class=\"content-slider swiper-container || flex flex-col overflow-hidden\">\n                    <div class=\"swiper-wrapper\">\n                        \n<div class=\"swiper-slide || !flex flex-col justify-between !h-auto\">\n    <div class=\"wysiwyg-container || prose-p:!text-h4 max-w-[61.875rem] max-sm:prose-p:!text-[21px]\">\n    <p>Thanks to the support of Climate Fund, the parking expertise network offers collective, coherent and systemic action for resilient living environments and the reduction of GHG emissions from transportation, the largest GHG emitter in Quebec.<\/p>\n<\/div>\n    <div class=\"flex mt-6\">\n        <div class=\"shrink-0 thumbnail aspect-square w-20 h-20 rounded-md || sm:w-[6.25rem] sm:h-[6.25rem]\">\n            <div class=\"parallax-container\">\n    <div class=\"parallax-content\">\n        <img width=\"819\" height=\"1024\" src=\"https:\/\/fondsclimatmontreal.com\/wp-content\/uploads\/2025\/02\/PHOTOR1-scaled.jpg\" class=\"Quoted person&#039;s image\" alt=\"Portrait de Romain Coste\" loading=\"eager\" fetchpriority=\"high\" decoding=\"async\" sizes=\"100vw\" srcset=\"https:\/\/fondsclimatmontreal.com\/wp-content\/uploads\/2025\/02\/PHOTOR1-1920x2400.jpg 1920w, https:\/\/fondsclimatmontreal.com\/wp-content\/uploads\/2025\/02\/PHOTOR1-1024x1280.jpg 1024w, https:\/\/fondsclimatmontreal.com\/wp-content\/uploads\/2025\/02\/PHOTOR1-640x800.jpg 640w\" \/>    <\/div>\n<\/div>        <\/div>\n        <div class=\"flex flex-col justify-center ml-4\">\n                            <h3 class=\"text-h5 || text-accent\">Romain Coste<\/h3>\n                            <p class=\"surtitle || !text-accent font-bold\">Coordinator &#8211; Mobility and Urban Planning, Conseil r\u00e9gional de l&#8217;environnement de Montr\u00e9al<\/p>\n                    <\/div>\n    <\/div>\n<\/div>\n                    <\/div>\n                <\/div>\n                <div class=\"media-slider-navigation || flex items-end\">\n                    <div class=\"navigations || flex items-end border border-accent divide-x divide-accent rounded-full overflow-hidden\">\n                        <button class=\"left-swiper-button || [&#038;_svg]:w-2.5 [&#038;_svg_path]:transition p-5 flex justify-center items-center transition hover:bg-accent [&#038;:hover_svg_path]:[stroke:white] -rotate-180 || lg:p-6 2xl:p-7\"><svg width=\"7\" height=\"12\" viewBox=\"0 0 7 12\" fill=\"none\" xmlns=\"http:\/\/www.w3.org\/2000\/svg\">\n<path d=\"M1 11L6 6L1 1\" stroke=\"#1E5B37\" stroke-width=\"2\" stroke-linecap=\"round\" stroke-linejoin=\"round\"\/>\n<\/svg>\n<\/button>\n                        <button class=\"right-swiper-button || [&#038;_svg]:w-2.5 [&#038;_svg_path]:transition p-5 flex justify-center items-center transition hover:bg-accent [&#038;:hover_svg_path]:[stroke:white] || lg:p-6 2xl:p-7\"><svg width=\"7\" height=\"12\" viewBox=\"0 0 7 12\" fill=\"none\" xmlns=\"http:\/\/www.w3.org\/2000\/svg\">\n<path d=\"M1 11L6 6L1 1\" stroke=\"#1E5B37\" stroke-width=\"2\" stroke-linecap=\"round\" stroke-linejoin=\"round\"\/>\n<\/svg>\n<\/button>\n                    <\/div>\n                <\/div>\n            <\/div>\n        <\/div>\n    <\/section>\n\n\n\n    <section class=\"preview-content section || \">\n        \n<span class=\"anchor || absolute top-0 left-0\"  id=\"prochaines-subventions\" ><\/span>\n        <div class=\"wrapper\">\n            \n<div class=\"intro-offset || flex flex-col gap-y-6 mb-12 || lg:grid-col lg:grid-rows-[auto_1fr] lg:mb-16\">\n    <div class=\"flex flex-col gap-y-6 || lg:grid lg:grid-rows-subgrid lg:row-span-2 lg:col-span-6 2xl:col-span-5\">\n                    <p class=\"subtitle primary || h-fit row-start-1\">Suggestions<\/p>\n                            <h2 class=\"text-h2 || text-accent row-start-2\">Grants you may be interested in<\/h2>\n            <\/div>\n    <\/div>\n            <div class=\"flex flex-col gap-12 || md:grid-col md:gap-6 md:gap-y-12\">\n                \n<a href=\"https:\/\/fondsclimatmontreal.com\/en\/grant\/amenagements-des-installations-du-centre-integre-de-sante-et-de-services-sociaux-de-la-monteregie-ouest\/\" class=\"card-content || relative w-full h-full rounded-md overflow-hidden is-first || mb-8 || sm:mb-0 sm:col-span-full lg:col-span-4 2xl:col-span-6\">\n    <div class=\"parallax-container\">\n    <div class=\"parallax-content\">\n        <img width=\"1024\" height=\"646\" src=\"https:\/\/fondsclimatmontreal.com\/wp-content\/uploads\/2025\/02\/Amenagements-installations-CISSSMO-1.jpg\" class=\"aspect-[422\/315] object-cover w-full h-full transition duration-300 ease-[cubic-bezier(0.07,0.67,0.58,1)] [.card-content:hover_&amp;]:scale-105 [.is-first_&amp;]:md:aspect-video [.is-first_&amp;]:2xl:aspect-[422\/315]\" alt=\"Une rang\u00e9e de v\u00e9los color\u00e9s align\u00e9s sur un trottoir pav\u00e9. Les v\u00e9los sont \u00e9quip\u00e9s de gros pneus avec des jantes de diff\u00e9rentes couleurs et sont gar\u00e9s les uns pr\u00e8s des autres, cr\u00e9ant un motif de roues qui s&#039;\u00e9tend au loin.\" loading=\"eager\" fetchpriority=\"high\" decoding=\"async\" sizes=\"(max-width: 640px) 100vw, (max-width: 1024px) 50vw, 33vw\" srcset=\"https:\/\/fondsclimatmontreal.com\/wp-content\/uploads\/2025\/02\/Amenagements-installations-CISSSMO-1.jpg 1024w, https:\/\/fondsclimatmontreal.com\/wp-content\/uploads\/2025\/02\/Amenagements-installations-CISSSMO-1-640x404.png 640w\" \/>    <\/div>\n<\/div>            <div class=\"absolute inset-0 bg-black\/50\"><\/div>\n        <div class=\"flex flex-col gap-6 absolute left-5 bottom-6 w-[calc(100%-(2*theme(spacing.5)))] h-fit || sm:left-8 sm:bottom-8 sm:w-[calc(100%-(2*theme(spacing.8)))] 2xl:left-16 2xl:bottom-16 2xl:w-[calc(100%-(2*theme(spacing.16)))]\">\n            <span class=\"flex items-center gap-3\">\n                <p class=\"subtitle light-line\">Mobility<\/p>\n                            <\/span>\n            <h3 class=\"text-h3 || text-light\">Improvements to the facilities of the Centre int\u00e9gr\u00e9 de sant\u00e9 et de services sociaux de la Mont\u00e9r\u00e9gie-Ouest by CISSSMO<\/h3>\n        <\/div>\n    <\/a>\n<a href=\"https:\/\/fondsclimatmontreal.com\/en\/grant\/batiments-decarbones-solutions-techniques-et-perspectives-municipales\/\" class=\"card-content || relative w-full h-full rounded-md overflow-hidden flex flex-col gap-6 [&#038;_.parallax-container]:h-auto [&#038;_.parallax-container]:rounded-md || sm:col-span-6 lg:col-span-4 2xl:col-span-3\">\n    <div class=\"parallax-container\">\n    <div class=\"parallax-content\">\n        <img width=\"1024\" height=\"771\" src=\"https:\/\/fondsclimatmontreal.com\/wp-content\/uploads\/2025\/02\/Batiment-decarbones-Nature-Quebec-1-scaled.jpg\" class=\"aspect-[422\/315] object-cover w-full h-full transition duration-300 ease-[cubic-bezier(0.07,0.67,0.58,1)] [.card-content:hover_&amp;]:scale-105 [.is-first_&amp;]:md:aspect-video [.is-first_&amp;]:2xl:aspect-[422\/315]\" alt=\"&quot;Dans une salle de conf\u00e9rence moderne\" loading=\"eager\" fetchpriority=\"high\" decoding=\"async\" sizes=\"(max-width: 640px) 100vw, (max-width: 1024px) 50vw, 33vw\" srcset=\"https:\/\/fondsclimatmontreal.com\/wp-content\/uploads\/2025\/02\/Batiment-decarbones-Nature-Quebec-1-1920x1446.jpg 1920w, https:\/\/fondsclimatmontreal.com\/wp-content\/uploads\/2025\/02\/Batiment-decarbones-Nature-Quebec-1-1024x771.jpg 1024w, https:\/\/fondsclimatmontreal.com\/wp-content\/uploads\/2025\/02\/Batiment-decarbones-Nature-Quebec-1-640x482.jpg 640w\" \/>    <\/div>\n<\/div>            <span class=\"flex items-center gap-3\">\n            <p class=\"subtitle primary\">Capacity building<\/p>\n                    <\/span>\n        <div class=\"flex flex-col gap-4\">\n            <h3 class=\"text-h3 || text-accent || sm:text-h5\">Decarbonized Buildings Symposium by Nature Qu\u00e9bec<\/h3>\n                    <\/div>\n    <\/a>\n<a href=\"https:\/\/fondsclimatmontreal.com\/en\/grant\/boucle-energetique-au-parc-industriel-saint-laurent\/\" class=\"card-content || relative w-full h-full rounded-md overflow-hidden flex flex-col gap-6 [&#038;_.parallax-container]:h-auto [&#038;_.parallax-container]:rounded-md || sm:col-span-6 lg:col-span-4 2xl:col-span-3\">\n    <div class=\"parallax-container\">\n    <div class=\"parallax-content\">\n        <img width=\"1024\" height=\"579\" src=\"https:\/\/fondsclimatmontreal.com\/wp-content\/uploads\/2025\/02\/Atelier-energetique_2025_2560x1440-Site-FondsClimat-scaled.jpg\" class=\"aspect-[422\/315] object-cover w-full h-full transition duration-300 ease-[cubic-bezier(0.07,0.67,0.58,1)] [.card-content:hover_&amp;]:scale-105 [.is-first_&amp;]:md:aspect-video [.is-first_&amp;]:2xl:aspect-[422\/315]\" alt=\"Image commercial de Boucle \u00e9nerg\u00e9tique collective \" loading=\"eager\" fetchpriority=\"high\" decoding=\"async\" sizes=\"(max-width: 640px) 100vw, (max-width: 1024px) 50vw, 33vw\" srcset=\"https:\/\/fondsclimatmontreal.com\/wp-content\/uploads\/2025\/02\/Atelier-energetique_2025_2560x1440-Site-FondsClimat-1920x1086.jpg 1920w, https:\/\/fondsclimatmontreal.com\/wp-content\/uploads\/2025\/02\/Atelier-energetique_2025_2560x1440-Site-FondsClimat-1024x579.jpg 1024w, https:\/\/fondsclimatmontreal.com\/wp-content\/uploads\/2025\/02\/Atelier-energetique_2025_2560x1440-Site-FondsClimat-640x362.jpg 640w\" \/>    <\/div>\n<\/div>            <span class=\"flex items-center gap-3\">\n            <p class=\"subtitle primary\">Building<\/p>\n                    <\/span>\n        <div class=\"flex flex-col gap-4\">\n            <h3 class=\"text-h3 || text-accent || sm:text-h5\">Energy loop in the Saint-Laurent industrial park by Excellence Industrielle Saint-Laurent<\/h3>\n                    <\/div>\n    <\/a>            <\/div>\n        <\/div>\n    <\/section>\n\n\n\n    <section class=\"cta-simple-centered || py-16 || flex items-center justify-center overflow-hidden max-w-none bg-accent relative min-h-[28.125rem] || sm:min-h-[31.25rem] md:min-h-[37.5rem] xl:min-h-[43.75rem] 2xl:min-h-[50rem]\">\n        \n<span class=\"anchor || absolute top-0 left-0\" ><\/span>\n                    <div class=\"absolute top-0 left-0 w-full h-full\">\n                <img decoding=\"async\" class=\"w-full h-full object-cover\" src=\"https:\/\/fondsclimatmontreal.com\/wp-content\/themes\/fondscl\/assets\/png\/circles.png\" alt=\"circles\" loading=\"lazy\">\n            <\/div>\n                <div class=\"wrapper || relative z-20 flex flex-col self-center text-center || lg:grid-col\">\n            <div class=\"wysiwyg-container || col-start-4 light col-span-6\">\n    <h2>Looking for financing?<\/h2>\n<p><a class=\"btn-primary bg-primary text-accent\" href=\"https:\/\/fondsclimatmontreal.com\/contact\/\" target=\"\"> <span class=\"inline-flex relative overflow-hidden\"> <span class=\"transition-transform duration-200 [.btn-primary:hover_&amp;]:-translate-y-full\">Contact us<\/span> <span class=\"absolute bottom-0 left-0 translate-y-full transition-transform duration-200 [.btn-primary:hover_&amp;]:translate-y-0\">Contact us<\/span> <\/span> <\/a><\/p>\n<\/div>\n                    <\/div>\n    <\/section>\n","protected":false},"excerpt":{"rendered":"","protected":false},"featured_media":1241,"template":"","category-grant":[28],"year-grant":[32],"class_list":["post-1701","grant","type-grant","status-publish","has-post-thumbnail","hentry","category-grant-mobility","year-grant-2023-en"],"acf":[],"_links":{"self":[{"href":"https:\/\/fondsclimatmontreal.com\/en\/wp-json\/wp\/v2\/grant\/1701","targetHints":{"allow":["GET"]}}],"collection":[{"href":"https:\/\/fondsclimatmontreal.com\/en\/wp-json\/wp\/v2\/grant"}],"about":[{"href":"https:\/\/fondsclimatmontreal.com\/en\/wp-json\/wp\/v2\/types\/grant"}],"wp:featuredmedia":[{"embeddable":true,"href":"https:\/\/fondsclimatmontreal.com\/en\/wp-json\/wp\/v2\/media\/1241"}],"wp:attachment":[{"href":"https:\/\/fondsclimatmontreal.com\/en\/wp-json\/wp\/v2\/media?parent=1701"}],"wp:term":[{"taxonomy":"category-grant","embeddable":true,"href":"https:\/\/fondsclimatmontreal.com\/en\/wp-json\/wp\/v2\/category-grant?post=1701"},{"taxonomy":"year-grant","embeddable":true,"href":"https:\/\/fondsclimatmontreal.com\/en\/wp-json\/wp\/v2\/year-grant?post=1701"}],"curies":[{"name":"wp","href":"https:\/\/api.w.org\/{rel}","templated":true}]}}