{"id":926,"date":"2025-01-09T16:11:47","date_gmt":"2025-01-09T20:11:47","guid":{"rendered":"https:\/\/fondsclimatmontreal.com\/domaines-dintervention\/"},"modified":"2026-08-18T16:53:27","modified_gmt":"2026-08-18T20:53:27","slug":"areas-of-expertise","status":"publish","type":"page","link":"https:\/\/fondsclimatmontreal.com\/en\/areas-of-expertise\/","title":{"rendered":"Areas of expertise"},"content":{"rendered":"    <section class=\"repeater-offest || section\">\n        \n<span class=\"anchor || absolute top-0 left-0\"  id=\"profil\" ><\/span>\n        <div class=\"wrapper || lg:grid-col\">\n            <div class=\"flex || lg:col-start-1 lg:col-span-5\">\n                <div class=\"sticky top-[calc(var(--header-h)+theme(spacing.8))] h-fit\">\n                                            <h2 class=\"text-h2 text-accent mb-6\">Tell us who you are, and we&#8217;ll tell you how we can work together.<\/h2>\n                                    <\/div>\n            <\/div>\n            <div class=\"lg:col-start-6 lg:col-span-7 xl:col-start-7 xl:col-span-6\">\n                \n<div class=\"row || py-8 border-t border-dark\/30 last:border-b flex flex-col\">\n    <p class=\"subtitle primary mb-4\">01.<\/p>\n    <div>\n                    <h3 class=\"text-h4 text-accent relative mb-4\">\n                You are a municipality? We are your ally            <\/h3>\n        <div class=\"wysiwyg-container \">\n    <p>Making strategic decisions while finding the right financing for your climate transition ambitions is a major challenge. We are here to help you identify the most effective levers and relevant financing mechanisms for your decarbonization initiatives.<\/p>\n<\/div>\n    <\/div>\n<\/div>\n\n<div class=\"row || py-8 border-t border-dark\/30 last:border-b flex flex-col\">\n    <p class=\"subtitle primary mb-4\">02.<\/p>\n    <div>\n                    <h3 class=\"text-h4 text-accent relative mb-4\">\n                You are a financial entity? We are climate experts            <\/h3>\n        <div class=\"wysiwyg-container \">\n    <p>Making investments to accelerate decarbonization requires specialized expertise. We support you in structuring your investments to reconcile financial performance and positive climate impact.<\/p>\n<\/div>\n    <\/div>\n<\/div>\n\n<div class=\"row || py-8 border-t border-dark\/30 last:border-b flex flex-col\">\n    <p class=\"subtitle primary mb-4\">03.<\/p>\n    <div>\n                    <h3 class=\"text-h4 text-accent relative mb-4\">\n                You are a philanthropic organization? We are a financial vehicle            <\/h3>\n        <div class=\"wysiwyg-container \">\n    <p>Having funds is a strength, but maximizing their climate impact requires a targeted approach. We direct your investments towards strategic projects to amplify their contribution to GHG reduction.<\/p>\n<\/div>\n    <\/div>\n<\/div>\n\n<div class=\"row || py-8 border-t border-dark\/30 last:border-b flex flex-col\">\n    <p class=\"subtitle primary mb-4\">04.<\/p>\n    <div>\n                    <h3 class=\"text-h4 text-accent relative mb-4\">\n                Are you a non-profit organization? We provide financial support            <\/h3>\n        <div class=\"wysiwyg-container \">\n    <p>Having ideas is all very well, but you still need to be able to finance them. We know that you play a crucial role in the climate transition. We&#8217;re here to give you the impetus you need to make your decarbonization projects a reality.<\/p>\n<\/div>\n    <\/div>\n<\/div>\n            <\/div>\n        <\/div>\n    <\/section>\n\n\n\r\n<section class=\"text-image-sticky section different-background || bg-dark-background\">\r\n    \n<span class=\"anchor || absolute top-0 left-0\"  id=\"domaines-d-interventions\" ><\/span>\n    <div class=\"wrapper || lg:grid-col\">\r\n        <div class=\"lg:col-span-6 2xl:col-span-5\">\r\n                            <section class=\"section || flex flex-col first-of-type:!mt-0\">\r\n                    <div class=\"lg:py-20 xl:py-[6.25rem] 2xl:py-[7.5rem]\">\r\n                                                    <p class=\"subtitle primary\">\r\n                                01 \u2013 Grants                            <\/p>\r\n                                                                            <h2 class=\"text-h2 || mt-6 text-accent inline-block [&#038;_.parallax-container]:inline-block [&#038;_.parallax-container]:w-auto [&#038;_.parallax-container]:align-middle  || lg:mt-10\">\r\n                                <span>\r\n                                    We grant subsidies                                <\/span>\r\n                                <div class=\"parallax-container\">\n    <div class=\"parallax-content\">\n        <img width=\"1024\" height=\"1018\" src=\"https:\/\/fondsclimatmontreal.com\/wp-content\/uploads\/2025\/02\/Subvention-V3.png\" class=\"aspect-square w-8 || lg:hidden\" alt=\"Ic\u00f4ne repr\u00e9sentant les subventions\" loading=\"eager\" fetchpriority=\"high\" decoding=\"async\" sizes=\"100vw\" srcset=\"https:\/\/fondsclimatmontreal.com\/wp-content\/uploads\/2025\/02\/Subvention-V3-1920x1908.png 1920w, https:\/\/fondsclimatmontreal.com\/wp-content\/uploads\/2025\/02\/Subvention-V3-1024x1018.png 1024w, https:\/\/fondsclimatmontreal.com\/wp-content\/uploads\/2025\/02\/Subvention-V3-640x636.png 640w\" \/>    <\/div>\n<\/div>                            <\/h2>\r\n                        <div class=\"wysiwyg-container || mt-6\">\n    <p><span>We provide financial support for innovative, structuring decarbonization initiatives with strong potential for scale-up in the greater Montreal area. This is how we support a wide range of organizations driving change: municipalities, Indigenous communities, non-profit organizations, charitable organizations, solidarity cooperatives, and associations.<\/span><\/p>\n<p><a href=\"https:\/\/fondsclimatmontreal.com\/en\/grants\/\" target=\"_blank\" rel=\"noopener\">Discover the projects we support<\/a><\/p>\n<\/div>\n                    <\/div>\r\n                <\/section>\r\n                            <section class=\"section || flex flex-col first-of-type:!mt-0\">\r\n                    <div class=\"lg:py-20 xl:py-[6.25rem] 2xl:py-[7.5rem]\">\r\n                                                    <p class=\"subtitle primary\">\r\n                                02 \u2013 Programs                            <\/p>\r\n                                                                            <h2 class=\"text-h2 || mt-6 text-accent inline-block [&#038;_.parallax-container]:inline-block [&#038;_.parallax-container]:w-auto [&#038;_.parallax-container]:align-middle  || lg:mt-10\">\r\n                                <span>\r\n                                    We create decarbonization programs                                <\/span>\r\n                                <div class=\"parallax-container\">\n    <div class=\"parallax-content\">\n        <img width=\"1018\" height=\"1024\" src=\"https:\/\/fondsclimatmontreal.com\/wp-content\/uploads\/2025\/02\/Programme.png\" class=\"aspect-square w-8 || lg:hidden\" alt=\"Ic\u00f4ne repr\u00e9sentant les programme\" loading=\"eager\" fetchpriority=\"high\" decoding=\"async\" sizes=\"100vw\" srcset=\"https:\/\/fondsclimatmontreal.com\/wp-content\/uploads\/2025\/02\/Programme-1920x1931.png 1920w, https:\/\/fondsclimatmontreal.com\/wp-content\/uploads\/2025\/02\/Programme-1024x1030.png 1024w, https:\/\/fondsclimatmontreal.com\/wp-content\/uploads\/2025\/02\/Programme-640x644.png 640w\" \/>    <\/div>\n<\/div>                            <\/h2>\r\n                        <div class=\"wysiwyg-container || mt-6\">\n    <p>Our ambition is to create structuring programs targeting Greater Montreal&#8217;s most polluting sectors. Discover MultiR\u00e9s\u00a9, our 1st energy renovation program for multi-residential buildings in Greater Montreal.<\/p>\n<p><a href=\"https:\/\/fondsclimatmontreal.com\/en\/programs\/\" target=\"_blank\" rel=\"noopener\">Discover the MultiR\u00e9s\u00a9 program<\/a><\/p>\n<\/div>\n                    <\/div>\r\n                <\/section>\r\n                            <section class=\"section || flex flex-col first-of-type:!mt-0\">\r\n                    <div class=\"lg:py-20 xl:py-[6.25rem] 2xl:py-[7.5rem]\">\r\n                                                    <p class=\"subtitle primary\">\r\n                                03 \u2013 Investments                            <\/p>\r\n                                                                            <h2 class=\"text-h2 || mt-6 text-accent inline-block [&#038;_.parallax-container]:inline-block [&#038;_.parallax-container]:w-auto [&#038;_.parallax-container]:align-middle  || lg:mt-10\">\r\n                                <span>\r\n                                    We make impact investments                                <\/span>\r\n                                <div class=\"parallax-container\">\n    <div class=\"parallax-content\">\n        <img width=\"1024\" height=\"1015\" src=\"https:\/\/fondsclimatmontreal.com\/wp-content\/uploads\/2025\/02\/Investissement.png\" class=\"aspect-square w-8 || lg:hidden\" alt=\"Ic\u00f4ne repr\u00e9sentant les investissements\" loading=\"eager\" fetchpriority=\"high\" decoding=\"async\" sizes=\"100vw\" srcset=\"https:\/\/fondsclimatmontreal.com\/wp-content\/uploads\/2025\/02\/Investissement-1920x1904.png 1920w, https:\/\/fondsclimatmontreal.com\/wp-content\/uploads\/2025\/02\/Investissement-1024x1015.png 1024w, https:\/\/fondsclimatmontreal.com\/wp-content\/uploads\/2025\/02\/Investissement-640x635.png 640w\" \/>    <\/div>\n<\/div>                            <\/h2>\r\n                        <div class=\"wysiwyg-container || mt-6\">\n    <p>We support the development of a green, low-carbon economy. We do this through direct investments, investments in hedge funds and investments in projects and programs.<\/p>\n<p><a href=\"https:\/\/fondsclimatmontreal.com\/en\/investments\/\" target=\"_blank\" rel=\"noopener\">Discover our investments<\/a><\/p>\n<\/div>\n                    <\/div>\r\n                <\/section>\r\n                    <\/div>\r\n        <div class=\"lottie-container || hidden sticky h-fit top-[calc(50%-(var(--lottie-h)\/2))] || lg:block lg:p-24 lg:py-0 lg:col-start-7 lg:col-span-6 2xl:p-32 2xl:py-0\">\r\n            <lottie-player data-frames='120' class=\"lottie-animation || rounded-md overflow-hidden bg-light-background\" src=\"https:\/\/fondsclimatmontreal.com\/wp-content\/uploads\/2025\/02\/FCGM-Missions_Animation_2025-02_V4.json\"><\/lottie-player>\r\n        <\/div>\r\n    <\/div>\r\n<\/section>\n\n\n    <section class=\"content-row-image-follow section || isolate different-background bg-dark-background\">\n        \n<span class=\"anchor || absolute top-0 left-0\"  id=\"secteurs\" ><\/span>\n        <div class=\"wrapper\">\n            \n<div class=\"intro-centered || max-w-[54.0625rem] mx-auto w-full text-center mb-12 || lg:mb-16\">\n            <p class=\"subtitle primary || mx-auto\">Levers for action<\/p>\n                <h2 class=\"text-h2 || text-accent mt-6\">We focus on the main greenhouse gas-emitting sectors while supporting cross-sector initiatives that accelerate the climate transition.<\/h2>\n        <\/div>\n            <span class=\"image-follow-container\">\n                \n<div class=\"image-follow-card || relative\" data-image=\"https:\/\/fondsclimatmontreal.com\/wp-content\/uploads\/2026\/06\/Mulo-velos-cargos-electriques-1-e1787085688589.jpeg\">\n    <p class=\"subtitle primary || hidden || lg:block\">01<\/p>\n    <span class=\"flex flex-col gap-4 border-t border-accent mt-6 pb-12 pt-8 || lg:grid-col lg:pb-20\">\n        <p class=\"subtitle primary || lg:hidden\">01<\/p>\n        <h3 style=\"--mouseX:0px; --mouseY:0px\" class=\"js-title || text-h2 || relative text-accent before:content-[attr(data-text)] before:absolute before:top-0 before:left-0 before:opacity-0 before:w-full before:transition before:duration-200 before:h-full before:pointer-events-none before:text-white before:[mask:radial-gradient(circle_8.90625rem_at_var(--mouseX)_var(--mouseY),_#fff_99%,_transparent_100%)_no-repeat] [.is-hovered_&#038;::before]:opacity-100 || lg:col-span-6\" data-text=\"Sustainable Mobility and Urban Logistics\">Sustainable Mobility and Urban Logistics<\/h3>\n        <div class=\"wysiwyg-container || col-start-8 col-span-full\">\n    <p>A cleaner future starts with more sustainable mobility. With nearly 43% of Qu\u00e9bec\u2019s greenhouse gas emissions coming from transportation, we support and scale initiatives in active and public transportation, electric mobility, as well as smart urban management and logistics.<\/p>\n<\/div>\n    <\/span>\n<\/div>\n\n<div class=\"image-follow-card || relative\" data-image=\"https:\/\/fondsclimatmontreal.com\/wp-content\/uploads\/2026\/01\/Logement-communautaire-Fiche-Web-1.jpg\">\n    <p class=\"subtitle primary || hidden || lg:block\">02<\/p>\n    <span class=\"flex flex-col gap-4 border-t border-accent mt-6 pb-12 pt-8 || lg:grid-col lg:pb-20\">\n        <p class=\"subtitle primary || lg:hidden\">02<\/p>\n        <h3 style=\"--mouseX:0px; --mouseY:0px\" class=\"js-title || text-h2 || relative text-accent before:content-[attr(data-text)] before:absolute before:top-0 before:left-0 before:opacity-0 before:w-full before:transition before:duration-200 before:h-full before:pointer-events-none before:text-white before:[mask:radial-gradient(circle_8.90625rem_at_var(--mouseX)_var(--mouseY),_#fff_99%,_transparent_100%)_no-repeat] [.is-hovered_&#038;::before]:opacity-100 || lg:col-span-6\" data-text=\"Low-carbon Buildings and Infrastructure\">Low-carbon Buildings and Infrastructure<\/h3>\n        <div class=\"wysiwyg-container || col-start-8 col-span-full\">\n    <p>Energy-efficient building renovation and sustainable urban development represent a major challenge for the Communaut\u00e9 m\u00e9tropolitaine de Montr\u00e9al (CMM). That is why weencourage initiatives focused on energy efficiency, building electrification, and sustainable construction and materials.<\/p>\n<\/div>\n    <\/span>\n<\/div>\n\n<div class=\"image-follow-card || relative\" data-image=\"https:\/\/fondsclimatmontreal.com\/wp-content\/uploads\/2025\/04\/4_Complexe-des-sciences_campus-MIL_UdeM_credit-Stephane-Groleau.jpg\">\n    <p class=\"subtitle primary || hidden || lg:block\">03<\/p>\n    <span class=\"flex flex-col gap-4 border-t border-accent mt-6 pb-12 pt-8 || lg:grid-col lg:pb-20\">\n        <p class=\"subtitle primary || lg:hidden\">03<\/p>\n        <h3 style=\"--mouseX:0px; --mouseY:0px\" class=\"js-title || text-h2 || relative text-accent before:content-[attr(data-text)] before:absolute before:top-0 before:left-0 before:opacity-0 before:w-full before:transition before:duration-200 before:h-full before:pointer-events-none before:text-white before:[mask:radial-gradient(circle_8.90625rem_at_var(--mouseX)_var(--mouseY),_#fff_99%,_transparent_100%)_no-repeat] [.is-hovered_&#038;::before]:opacity-100 || lg:col-span-6\" data-text=\"Energy Systems\">Energy Systems<\/h3>\n        <div class=\"wysiwyg-container || col-start-8 col-span-full\">\n    <p>On the path to a net-zero future, we accelerate the energy transition by supporting initiatives in renewable energy, energy storage and resilience, energy decentralization, and energy loops.<\/p>\n<\/div>\n    <\/span>\n<\/div>\n\n<div class=\"image-follow-card || relative\" data-image=\"https:\/\/fondsclimatmontreal.com\/wp-content\/uploads\/2026\/01\/Mr-63-Fiche-Web-1.jpg\">\n    <p class=\"subtitle primary || hidden || lg:block\">04<\/p>\n    <span class=\"flex flex-col gap-4 border-t border-accent mt-6 pb-12 pt-8 || lg:grid-col lg:pb-20\">\n        <p class=\"subtitle primary || lg:hidden\">04<\/p>\n        <h3 style=\"--mouseX:0px; --mouseY:0px\" class=\"js-title || text-h2 || relative text-accent before:content-[attr(data-text)] before:absolute before:top-0 before:left-0 before:opacity-0 before:w-full before:transition before:duration-200 before:h-full before:pointer-events-none before:text-white before:[mask:radial-gradient(circle_8.90625rem_at_var(--mouseX)_var(--mouseY),_#fff_99%,_transparent_100%)_no-repeat] [.is-hovered_&#038;::before]:opacity-100 || lg:col-span-6\" data-text=\"Circular Economy\">Circular Economy<\/h3>\n        <div class=\"wysiwyg-container || col-start-8 col-span-full\">\n    <p>The circular economy is the way forward. Guided by this conviction, we support projects that reduce waste and promote reuse, while optimizing resource use and value chains.<\/p>\n<\/div>\n    <\/span>\n<\/div>\n            <\/span>\n        <\/div>\n\n        <span class=\"js-image-follow || fixed top-0 left-0 block bg-light-background bg-cover bg-center w-[17.8125rem] aspect-square rounded-full overflow-hidden opacity-0 pointer-events-none -z-[1]\"><\/span>\n\n    <\/section>\n\n\n\n    <section class=\"cta-simple-centered || py-16 || flex items-center justify-center overflow-hidden max-w-none bg-accent relative min-h-[28.125rem] || sm:min-h-[31.25rem] md:min-h-[37.5rem] xl:min-h-[43.75rem] 2xl:min-h-[50rem]\">\n        \n<span class=\"anchor || absolute top-0 left-0\" ><\/span>\n                    <div class=\"absolute top-0 left-0 w-full h-full\">\n                <img decoding=\"async\" class=\"w-full h-full object-cover\" src=\"https:\/\/fondsclimatmontreal.com\/wp-content\/themes\/fondscl\/assets\/png\/circles.png\" alt=\"circles\" loading=\"lazy\">\n            <\/div>\n                <div class=\"wrapper || relative z-20 flex flex-col self-center text-center || lg:grid-col\">\n            <div class=\"wysiwyg-container || col-start-4 light col-span-6\">\n    <h2>A question? A project?<\/h2>\n<p>Our team is here to help!<\/p>\n<p><a class=\"btn-primary bg-primary text-accent\" href=\"https:\/\/fondsclimatmontreal.com\/contact\/#contact-form\" target=\"\"> <span class=\"inline-flex relative overflow-hidden\"> <span class=\"transition-transform duration-200 [.btn-primary:hover_&amp;]:-translate-y-full\">Contact us<\/span> <span class=\"absolute bottom-0 left-0 translate-y-full transition-transform duration-200 [.btn-primary:hover_&amp;]:translate-y-0\">Contact us<\/span> <\/span> <\/a><\/p>\n<\/div>\n                    <\/div>\n    <\/section>\n\n\n    <section class=\"marquee || section\">\n        \n<span class=\"anchor || absolute top-0 left-0\"  id=\"partenaires\" ><\/span>\n        <div class=\"wrapper content--marquee\">\n            \n<div class=\"intro-centered || max-w-[54.0625rem] mx-auto w-full text-center mb-12 || lg:mb-16\">\n                <h2 class=\"text-h2 || text-accent mt-6\">We are working together to decarbonize the Greater Montreal area<\/h2>\n        <\/div>\n        <\/div>\n        <div class=\"marquee-images || min-w-full overflow-hidden\">\n            <div class=\"inner-scroll || flex flex-nowrap shrink-0 items-center w-fit gap-x-6\">\n                \n<div class=\"card-marquee || flex items-center min-h-full aspect-[300\/180] w-[11.25rem] || sm:w-[15rem] lg:w-[17.5rem] 2xl:w-[18.75rem]\" style=\"--scale-image:1\">\n            <div class=\"flex items-center justify-center h-full px-8 w-full rounded-lg bg-light || md:px-[3.25rem]\">\n            <div class=\"parallax-container\">\n    <div class=\"parallax-content\">\n        <img width=\"1024\" height=\"375\" src=\"https:\/\/fondsclimatmontreal.com\/wp-content\/uploads\/2025\/02\/centrale_agricole_symbolevert.png\" class=\"scale-[--scale-image] h-full w-auto object-contain max-h-[4.75rem]\" alt=\"\" loading=\"eager\" fetchpriority=\"high\" decoding=\"async\" sizes=\"(max-width: 640px) 100vw, (max-width: 1024px) 50vw, 25vw\" srcset=\"https:\/\/fondsclimatmontreal.com\/wp-content\/uploads\/2025\/02\/centrale_agricole_symbolevert-1920x703.png 1920w, https:\/\/fondsclimatmontreal.com\/wp-content\/uploads\/2025\/02\/centrale_agricole_symbolevert-1024x375.png 1024w, https:\/\/fondsclimatmontreal.com\/wp-content\/uploads\/2025\/02\/centrale_agricole_symbolevert-640x234.png 640w\" \/>    <\/div>\n<\/div>        <\/div>\n    <\/div>\n<div class=\"card-marquee || flex items-center min-h-full aspect-[300\/180] w-[11.25rem] || sm:w-[15rem] lg:w-[17.5rem] 2xl:w-[18.75rem]\" style=\"--scale-image:1\">\n            <div class=\"flex items-center justify-center h-full px-8 w-full rounded-lg bg-light || md:px-[3.25rem]\">\n            <div class=\"parallax-container\">\n    <div class=\"parallax-content\">\n        <img width=\"1024\" height=\"621\" src=\"https:\/\/fondsclimatmontreal.com\/wp-content\/uploads\/2025\/02\/CRE_Horizontal_RVB.png\" class=\"scale-[--scale-image] h-full w-auto object-contain max-h-[4.75rem]\" alt=\"\" loading=\"eager\" fetchpriority=\"high\" decoding=\"async\" sizes=\"(max-width: 640px) 100vw, (max-width: 1024px) 50vw, 25vw\" srcset=\"https:\/\/fondsclimatmontreal.com\/wp-content\/uploads\/2025\/02\/CRE_Horizontal_RVB-1024x621.png 1024w, https:\/\/fondsclimatmontreal.com\/wp-content\/uploads\/2025\/02\/CRE_Horizontal_RVB-640x388.png 640w\" \/>    <\/div>\n<\/div>        <\/div>\n    <\/div>\n<div class=\"card-marquee || flex items-center min-h-full aspect-[300\/180] w-[11.25rem] || sm:w-[15rem] lg:w-[17.5rem] 2xl:w-[18.75rem]\" style=\"--scale-image:1\">\n            <div class=\"flex items-center justify-center h-full px-8 w-full rounded-lg bg-light || md:px-[3.25rem]\">\n            <div class=\"parallax-container\">\n    <div class=\"parallax-content\">\n        <img width=\"1024\" height=\"554\" src=\"https:\/\/fondsclimatmontreal.com\/wp-content\/uploads\/2025\/02\/Cycle_H2O_Logo_web_RGB.png\" class=\"scale-[--scale-image] h-full w-auto object-contain max-h-[4.75rem]\" alt=\"\" loading=\"eager\" fetchpriority=\"high\" decoding=\"async\" sizes=\"(max-width: 640px) 100vw, (max-width: 1024px) 50vw, 25vw\" srcset=\"https:\/\/fondsclimatmontreal.com\/wp-content\/uploads\/2025\/02\/Cycle_H2O_Logo_web_RGB-1920x1038.png 1920w, https:\/\/fondsclimatmontreal.com\/wp-content\/uploads\/2025\/02\/Cycle_H2O_Logo_web_RGB-1024x554.png 1024w, https:\/\/fondsclimatmontreal.com\/wp-content\/uploads\/2025\/02\/Cycle_H2O_Logo_web_RGB-640x346.png 640w\" \/>    <\/div>\n<\/div>        <\/div>\n    <\/div>\n<div class=\"card-marquee || flex items-center min-h-full aspect-[300\/180] w-[11.25rem] || sm:w-[15rem] lg:w-[17.5rem] 2xl:w-[18.75rem]\" style=\"--scale-image:1\">\n            <div class=\"flex items-center justify-center h-full px-8 w-full rounded-lg bg-light || md:px-[3.25rem]\">\n            <div class=\"parallax-container\">\n    <div class=\"parallax-content\">\n        <img width=\"907\" height=\"212\" src=\"https:\/\/fondsclimatmontreal.com\/wp-content\/uploads\/2025\/02\/EQT_LogoOfficiel_RGB_Logo_corrige-espace-entre-TERRE.png\" class=\"scale-[--scale-image] h-full w-auto object-contain max-h-[4.75rem]\" alt=\"\" loading=\"eager\" fetchpriority=\"high\" decoding=\"async\" sizes=\"(max-width: 640px) 100vw, (max-width: 1024px) 50vw, 25vw\" \/>    <\/div>\n<\/div>        <\/div>\n    <\/div>\n<div class=\"card-marquee || flex items-center min-h-full aspect-[300\/180] w-[11.25rem] || sm:w-[15rem] lg:w-[17.5rem] 2xl:w-[18.75rem]\" style=\"--scale-image:1\">\n            <div class=\"flex items-center justify-center h-full px-8 w-full rounded-lg bg-light || md:px-[3.25rem]\">\n            <div class=\"parallax-container\">\n    <div class=\"parallax-content\">\n        <img width=\"1024\" height=\"320\" src=\"https:\/\/fondsclimatmontreal.com\/wp-content\/uploads\/2025\/02\/IVEO.png\" class=\"scale-[--scale-image] h-full w-auto object-contain max-h-[4.75rem]\" alt=\"\" loading=\"eager\" fetchpriority=\"high\" decoding=\"async\" sizes=\"(max-width: 640px) 100vw, (max-width: 1024px) 50vw, 25vw\" srcset=\"https:\/\/fondsclimatmontreal.com\/wp-content\/uploads\/2025\/02\/IVEO-1024x320.png 1024w, https:\/\/fondsclimatmontreal.com\/wp-content\/uploads\/2025\/02\/IVEO-640x200.png 640w\" \/>    <\/div>\n<\/div>        <\/div>\n    <\/div>\n<div class=\"card-marquee || flex items-center min-h-full aspect-[300\/180] w-[11.25rem] || sm:w-[15rem] lg:w-[17.5rem] 2xl:w-[18.75rem]\" style=\"--scale-image:1\">\n            <div class=\"flex items-center justify-center h-full px-8 w-full rounded-lg bg-light || md:px-[3.25rem]\">\n            <div class=\"parallax-container\">\n    <div class=\"parallax-content\">\n        <img width=\"942\" height=\"425\" src=\"https:\/\/fondsclimatmontreal.com\/wp-content\/uploads\/2025\/02\/Logo-ASFQ.png\" class=\"scale-[--scale-image] h-full w-auto object-contain max-h-[4.75rem]\" alt=\"\" loading=\"eager\" fetchpriority=\"high\" decoding=\"async\" sizes=\"(max-width: 640px) 100vw, (max-width: 1024px) 50vw, 25vw\" \/>    <\/div>\n<\/div>        <\/div>\n    <\/div>\n<div class=\"card-marquee || flex items-center min-h-full aspect-[300\/180] w-[11.25rem] || sm:w-[15rem] lg:w-[17.5rem] 2xl:w-[18.75rem]\" style=\"--scale-image:1\">\n            <div class=\"flex items-center justify-center h-full px-8 w-full rounded-lg bg-light || md:px-[3.25rem]\">\n            <div class=\"parallax-container\">\n    <div class=\"parallax-content\">\n        <img width=\"212\" height=\"111\" src=\"https:\/\/fondsclimatmontreal.com\/wp-content\/uploads\/2025\/02\/Logo-CISSSMO.jpg\" class=\"scale-[--scale-image] h-full w-auto object-contain max-h-[4.75rem]\" alt=\"\" loading=\"eager\" fetchpriority=\"high\" decoding=\"async\" sizes=\"(max-width: 640px) 100vw, (max-width: 1024px) 50vw, 25vw\" srcset=\"https:\/\/fondsclimatmontreal.com\/wp-content\/uploads\/2025\/02\/Logo-CISSSMO.jpg 212w, https:\/\/fondsclimatmontreal.com\/wp-content\/uploads\/2025\/02\/Logo-CISSSMO-150x79.jpg 150w\" \/>    <\/div>\n<\/div>        <\/div>\n    <\/div>\n<div class=\"card-marquee || flex items-center min-h-full aspect-[300\/180] w-[11.25rem] || sm:w-[15rem] lg:w-[17.5rem] 2xl:w-[18.75rem]\" style=\"--scale-image:1\">\n            <div class=\"flex items-center justify-center h-full px-8 w-full rounded-lg bg-light || md:px-[3.25rem]\">\n            <div class=\"parallax-container\">\n    <div class=\"parallax-content\">\n        <img width=\"1024\" height=\"538\" src=\"https:\/\/fondsclimatmontreal.com\/wp-content\/uploads\/2025\/02\/Logo_7GEN.png\" class=\"scale-[--scale-image] h-full w-auto object-contain max-h-[4.75rem]\" alt=\"\" loading=\"eager\" fetchpriority=\"high\" decoding=\"async\" sizes=\"(max-width: 640px) 100vw, (max-width: 1024px) 50vw, 25vw\" srcset=\"https:\/\/fondsclimatmontreal.com\/wp-content\/uploads\/2025\/02\/Logo_7GEN-1024x538.png 1024w, https:\/\/fondsclimatmontreal.com\/wp-content\/uploads\/2025\/02\/Logo_7GEN-640x336.png 640w\" \/>    <\/div>\n<\/div>        <\/div>\n    <\/div>\n<div class=\"card-marquee || flex items-center min-h-full aspect-[300\/180] w-[11.25rem] || sm:w-[15rem] lg:w-[17.5rem] 2xl:w-[18.75rem]\" style=\"--scale-image:1\">\n            <div class=\"flex items-center justify-center h-full px-8 w-full rounded-lg bg-light || md:px-[3.25rem]\">\n            <div class=\"parallax-container\">\n    <div class=\"parallax-content\">\n        <img width=\"1024\" height=\"557\" src=\"https:\/\/fondsclimatmontreal.com\/wp-content\/uploads\/2025\/02\/Logo_CMYK-couleur-1.png\" class=\"scale-[--scale-image] h-full w-auto object-contain max-h-[4.75rem]\" alt=\"\" loading=\"eager\" fetchpriority=\"high\" decoding=\"async\" sizes=\"(max-width: 640px) 100vw, (max-width: 1024px) 50vw, 25vw\" srcset=\"https:\/\/fondsclimatmontreal.com\/wp-content\/uploads\/2025\/02\/Logo_CMYK-couleur-1-1024x557.png 1024w, https:\/\/fondsclimatmontreal.com\/wp-content\/uploads\/2025\/02\/Logo_CMYK-couleur-1-640x348.png 640w\" \/>    <\/div>\n<\/div>        <\/div>\n    <\/div>\n<div class=\"card-marquee || flex items-center min-h-full aspect-[300\/180] w-[11.25rem] || sm:w-[15rem] lg:w-[17.5rem] 2xl:w-[18.75rem]\" style=\"--scale-image:1\">\n            <div class=\"flex items-center justify-center h-full px-8 w-full rounded-lg bg-light || md:px-[3.25rem]\">\n            <div class=\"parallax-container\">\n    <div class=\"parallax-content\">\n        <img width=\"1024\" height=\"340\" src=\"https:\/\/fondsclimatmontreal.com\/wp-content\/uploads\/2025\/02\/logo_excellence-industrielle-saint-laurent_couleur.webp\" class=\"scale-[--scale-image] h-full w-auto object-contain max-h-[4.75rem]\" alt=\"\" loading=\"eager\" fetchpriority=\"high\" decoding=\"async\" sizes=\"(max-width: 640px) 100vw, (max-width: 1024px) 50vw, 25vw\" srcset=\"https:\/\/fondsclimatmontreal.com\/wp-content\/uploads\/2025\/02\/logo_excellence-industrielle-saint-laurent_couleur-1024x340.webp 1024w, https:\/\/fondsclimatmontreal.com\/wp-content\/uploads\/2025\/02\/logo_excellence-industrielle-saint-laurent_couleur-640x213.webp 640w\" \/>    <\/div>\n<\/div>        <\/div>\n    <\/div>\n<div class=\"card-marquee || flex items-center min-h-full aspect-[300\/180] w-[11.25rem] || sm:w-[15rem] lg:w-[17.5rem] 2xl:w-[18.75rem]\" style=\"--scale-image:1\">\n            <div class=\"flex items-center justify-center h-full px-8 w-full rounded-lg bg-light || md:px-[3.25rem]\">\n            <div class=\"parallax-container\">\n    <div class=\"parallax-content\">\n        <img width=\"1024\" height=\"486\" src=\"https:\/\/fondsclimatmontreal.com\/wp-content\/uploads\/2025\/02\/Logo_Finance-Montreal_Bleu.png\" class=\"scale-[--scale-image] h-full w-auto object-contain max-h-[4.75rem]\" alt=\"\" loading=\"eager\" fetchpriority=\"high\" decoding=\"async\" sizes=\"(max-width: 640px) 100vw, (max-width: 1024px) 50vw, 25vw\" srcset=\"https:\/\/fondsclimatmontreal.com\/wp-content\/uploads\/2025\/02\/Logo_Finance-Montreal_Bleu-1024x486.png 1024w, https:\/\/fondsclimatmontreal.com\/wp-content\/uploads\/2025\/02\/Logo_Finance-Montreal_Bleu-640x304.png 640w\" \/>    <\/div>\n<\/div>        <\/div>\n    <\/div>\n<div class=\"card-marquee || flex items-center min-h-full aspect-[300\/180] w-[11.25rem] || sm:w-[15rem] lg:w-[17.5rem] 2xl:w-[18.75rem]\" style=\"--scale-image:1.15\">\n            <div class=\"flex items-center justify-center h-full px-8 w-full rounded-lg bg-light || md:px-[3.25rem]\">\n            <div class=\"parallax-container\">\n    <div class=\"parallax-content\">\n        <img width=\"1024\" height=\"1024\" src=\"https:\/\/fondsclimatmontreal.com\/wp-content\/uploads\/2025\/04\/LOGO-MULO-1024x1024.png\" class=\"scale-[--scale-image] h-full w-auto object-contain max-h-[4.75rem]\" alt=\"\" loading=\"eager\" fetchpriority=\"high\" decoding=\"async\" sizes=\"(max-width: 640px) 100vw, (max-width: 1024px) 50vw, 25vw\" srcset=\"https:\/\/fondsclimatmontreal.com\/wp-content\/uploads\/2025\/04\/LOGO-MULO-1024x1024.png 1024w, https:\/\/fondsclimatmontreal.com\/wp-content\/uploads\/2025\/04\/LOGO-MULO-1920x1920.png 1920w, https:\/\/fondsclimatmontreal.com\/wp-content\/uploads\/2025\/04\/LOGO-MULO-640x640.png 640w\" \/>    <\/div>\n<\/div>        <\/div>\n    <\/div>\n<div class=\"card-marquee || flex items-center min-h-full aspect-[300\/180] w-[11.25rem] || sm:w-[15rem] lg:w-[17.5rem] 2xl:w-[18.75rem]\" style=\"--scale-image:1\">\n            <div class=\"flex items-center justify-center h-full px-8 w-full rounded-lg bg-light || md:px-[3.25rem]\">\n            <div class=\"parallax-container\">\n    <div class=\"parallax-content\">\n        <img width=\"914\" height=\"343\" src=\"https:\/\/fondsclimatmontreal.com\/wp-content\/uploads\/2025\/02\/Logo-climaMTL-couleur.png\" class=\"scale-[--scale-image] h-full w-auto object-contain max-h-[4.75rem]\" alt=\"\" loading=\"eager\" fetchpriority=\"high\" decoding=\"async\" sizes=\"(max-width: 640px) 100vw, (max-width: 1024px) 50vw, 25vw\" \/>    <\/div>\n<\/div>        <\/div>\n    <\/div>\n<div class=\"card-marquee || flex items-center min-h-full aspect-[300\/180] w-[11.25rem] || sm:w-[15rem] lg:w-[17.5rem] 2xl:w-[18.75rem]\" style=\"--scale-image:1\">\n            <div class=\"flex items-center justify-center h-full px-8 w-full rounded-lg bg-light || md:px-[3.25rem]\">\n            <div class=\"parallax-container\">\n    <div class=\"parallax-content\">\n        <img width=\"256\" height=\"256\" src=\"https:\/\/fondsclimatmontreal.com\/wp-content\/uploads\/2025\/02\/Logo-CoopCarbone-Carre-Bleu256px.png\" class=\"scale-[--scale-image] h-full w-auto object-contain max-h-[4.75rem]\" alt=\"\" loading=\"eager\" fetchpriority=\"high\" decoding=\"async\" sizes=\"(max-width: 640px) 100vw, (max-width: 1024px) 50vw, 25vw\" srcset=\"https:\/\/fondsclimatmontreal.com\/wp-content\/uploads\/2025\/02\/Logo-CoopCarbone-Carre-Bleu256px.png 256w, https:\/\/fondsclimatmontreal.com\/wp-content\/uploads\/2025\/02\/Logo-CoopCarbone-Carre-Bleu256px-150x150.png 150w\" \/>    <\/div>\n<\/div>        <\/div>\n    <\/div>\n<div class=\"card-marquee || flex items-center min-h-full aspect-[300\/180] w-[11.25rem] || sm:w-[15rem] lg:w-[17.5rem] 2xl:w-[18.75rem]\" style=\"--scale-image:1\">\n            <div class=\"flex items-center justify-center h-full px-8 w-full rounded-lg bg-light || md:px-[3.25rem]\">\n            <div class=\"parallax-container\">\n    <div class=\"parallax-content\">\n        <img width=\"300\" height=\"300\" src=\"https:\/\/fondsclimatmontreal.com\/wp-content\/uploads\/2025\/02\/Logo-kite-mobility.png\" class=\"scale-[--scale-image] h-full w-auto object-contain max-h-[4.75rem]\" alt=\"\" loading=\"eager\" fetchpriority=\"high\" decoding=\"async\" sizes=\"(max-width: 640px) 100vw, (max-width: 1024px) 50vw, 25vw\" srcset=\"https:\/\/fondsclimatmontreal.com\/wp-content\/uploads\/2025\/02\/Logo-kite-mobility.png 300w, https:\/\/fondsclimatmontreal.com\/wp-content\/uploads\/2025\/02\/Logo-kite-mobility-150x150.png 150w\" \/>    <\/div>\n<\/div>        <\/div>\n    <\/div>\n<div class=\"card-marquee || flex items-center min-h-full aspect-[300\/180] w-[11.25rem] || sm:w-[15rem] lg:w-[17.5rem] 2xl:w-[18.75rem]\" style=\"--scale-image:1\">\n            <div class=\"flex items-center justify-center h-full px-8 w-full rounded-lg bg-light || md:px-[3.25rem]\">\n            <div class=\"parallax-container\">\n    <div class=\"parallax-content\">\n        <img width=\"1024\" height=\"414\" src=\"https:\/\/fondsclimatmontreal.com\/wp-content\/uploads\/2025\/02\/Logo-LocoMotion_2-lignes.png\" class=\"scale-[--scale-image] h-full w-auto object-contain max-h-[4.75rem]\" alt=\"\" loading=\"eager\" fetchpriority=\"high\" decoding=\"async\" sizes=\"(max-width: 640px) 100vw, (max-width: 1024px) 50vw, 25vw\" srcset=\"https:\/\/fondsclimatmontreal.com\/wp-content\/uploads\/2025\/02\/Logo-LocoMotion_2-lignes-1920x775.png 1920w, https:\/\/fondsclimatmontreal.com\/wp-content\/uploads\/2025\/02\/Logo-LocoMotion_2-lignes-1024x414.png 1024w, https:\/\/fondsclimatmontreal.com\/wp-content\/uploads\/2025\/02\/Logo-LocoMotion_2-lignes-640x258.png 640w\" \/>    <\/div>\n<\/div>        <\/div>\n    <\/div>\n<div class=\"card-marquee || flex items-center min-h-full aspect-[300\/180] w-[11.25rem] || sm:w-[15rem] lg:w-[17.5rem] 2xl:w-[18.75rem]\" style=\"--scale-image:1\">\n            <div class=\"flex items-center justify-center h-full px-8 w-full rounded-lg bg-light || md:px-[3.25rem]\">\n            <div class=\"parallax-container\">\n    <div class=\"parallax-content\">\n        <img width=\"436\" height=\"203\" src=\"https:\/\/fondsclimatmontreal.com\/wp-content\/uploads\/2025\/02\/NatureQuebec-Logo-RVB.png\" class=\"scale-[--scale-image] h-full w-auto object-contain max-h-[4.75rem]\" alt=\"\" loading=\"eager\" fetchpriority=\"high\" decoding=\"async\" sizes=\"(max-width: 640px) 100vw, (max-width: 1024px) 50vw, 25vw\" srcset=\"https:\/\/fondsclimatmontreal.com\/wp-content\/uploads\/2025\/02\/NatureQuebec-Logo-RVB.png 436w, https:\/\/fondsclimatmontreal.com\/wp-content\/uploads\/2025\/02\/NatureQuebec-Logo-RVB-350x163.png 350w, https:\/\/fondsclimatmontreal.com\/wp-content\/uploads\/2025\/02\/NatureQuebec-Logo-RVB-150x70.png 150w\" \/>    <\/div>\n<\/div>        <\/div>\n    <\/div>\n<div class=\"card-marquee || flex items-center min-h-full aspect-[300\/180] w-[11.25rem] || sm:w-[15rem] lg:w-[17.5rem] 2xl:w-[18.75rem]\" style=\"--scale-image:1\">\n            <div class=\"flex items-center justify-center h-full px-8 w-full rounded-lg bg-light || md:px-[3.25rem]\">\n            <div class=\"parallax-container\">\n    <div class=\"parallax-content\">\n        <img width=\"1024\" height=\"498\" src=\"https:\/\/fondsclimatmontreal.com\/wp-content\/uploads\/2025\/02\/RGB_GRAME-LogoType-Couleur.png\" class=\"scale-[--scale-image] h-full w-auto object-contain max-h-[4.75rem]\" alt=\"\" loading=\"eager\" fetchpriority=\"high\" decoding=\"async\" sizes=\"(max-width: 640px) 100vw, (max-width: 1024px) 50vw, 25vw\" srcset=\"https:\/\/fondsclimatmontreal.com\/wp-content\/uploads\/2025\/02\/RGB_GRAME-LogoType-Couleur-1024x498.png 1024w, https:\/\/fondsclimatmontreal.com\/wp-content\/uploads\/2025\/02\/RGB_GRAME-LogoType-Couleur-640x311.png 640w\" \/>    <\/div>\n<\/div>        <\/div>\n    <\/div>\n<div class=\"card-marquee || flex items-center min-h-full aspect-[300\/180] w-[11.25rem] || sm:w-[15rem] lg:w-[17.5rem] 2xl:w-[18.75rem]\" style=\"--scale-image:1\">\n            <div class=\"flex items-center justify-center h-full px-8 w-full rounded-lg bg-light || md:px-[3.25rem]\">\n            <div class=\"parallax-container\">\n    <div class=\"parallax-content\">\n        <img width=\"707\" height=\"442\" src=\"https:\/\/fondsclimatmontreal.com\/wp-content\/uploads\/2025\/02\/VVenV_rvb.png\" class=\"scale-[--scale-image] h-full w-auto object-contain max-h-[4.75rem]\" alt=\"\" loading=\"eager\" fetchpriority=\"high\" decoding=\"async\" sizes=\"(max-width: 640px) 100vw, (max-width: 1024px) 50vw, 25vw\" \/>    <\/div>\n<\/div>        <\/div>\n    <\/div>\n<div class=\"card-marquee || flex items-center min-h-full aspect-[300\/180] w-[11.25rem] || sm:w-[15rem] lg:w-[17.5rem] 2xl:w-[18.75rem]\" style=\"--scale-image:1\">\n            <div class=\"flex items-center justify-center h-full px-8 w-full rounded-lg bg-light || md:px-[3.25rem]\">\n            <div class=\"parallax-container\">\n    <div class=\"parallax-content\">\n        <img width=\"1024\" height=\"556\" src=\"https:\/\/fondsclimatmontreal.com\/wp-content\/uploads\/2025\/02\/Velorution-01.png\" class=\"scale-[--scale-image] h-full w-auto object-contain max-h-[4.75rem]\" alt=\"\" loading=\"eager\" fetchpriority=\"high\" decoding=\"async\" sizes=\"(max-width: 640px) 100vw, (max-width: 1024px) 50vw, 25vw\" srcset=\"https:\/\/fondsclimatmontreal.com\/wp-content\/uploads\/2025\/02\/Velorution-01-1024x556.png 1024w, https:\/\/fondsclimatmontreal.com\/wp-content\/uploads\/2025\/02\/Velorution-01-640x348.png 640w\" \/>    <\/div>\n<\/div>        <\/div>\n    <\/div>\n<div class=\"card-marquee || flex items-center min-h-full aspect-[300\/180] w-[11.25rem] || sm:w-[15rem] lg:w-[17.5rem] 2xl:w-[18.75rem]\" style=\"--scale-image:1\">\n            <div class=\"flex items-center justify-center h-full px-8 w-full rounded-lg bg-light || md:px-[3.25rem]\">\n            <div class=\"parallax-container\">\n    <div class=\"parallax-content\">\n        <img width=\"1024\" height=\"832\" src=\"https:\/\/fondsclimatmontreal.com\/wp-content\/uploads\/2025\/02\/VQ_Logo_Coul.png\" class=\"scale-[--scale-image] h-full w-auto object-contain max-h-[4.75rem]\" alt=\"\" loading=\"eager\" fetchpriority=\"high\" decoding=\"async\" sizes=\"(max-width: 640px) 100vw, (max-width: 1024px) 50vw, 25vw\" srcset=\"https:\/\/fondsclimatmontreal.com\/wp-content\/uploads\/2025\/02\/VQ_Logo_Coul-1024x832.png 1024w, https:\/\/fondsclimatmontreal.com\/wp-content\/uploads\/2025\/02\/VQ_Logo_Coul-640x520.png 640w\" \/>    <\/div>\n<\/div>        <\/div>\n    <\/div>\n<div class=\"card-marquee || flex items-center min-h-full aspect-[300\/180] w-[11.25rem] || sm:w-[15rem] lg:w-[17.5rem] 2xl:w-[18.75rem]\" style=\"--scale-image:1\">\n            <div class=\"flex items-center justify-center h-full px-8 w-full rounded-lg bg-light || md:px-[3.25rem]\">\n            <div class=\"parallax-container\">\n    <div class=\"parallax-content\">\n        <img width=\"1024\" height=\"1024\" src=\"https:\/\/fondsclimatmontreal.com\/wp-content\/uploads\/2025\/02\/VU_Logo-vert-scaled.jpg\" class=\"scale-[--scale-image] h-full w-auto object-contain max-h-[4.75rem]\" alt=\"\" loading=\"eager\" fetchpriority=\"high\" decoding=\"async\" sizes=\"(max-width: 640px) 100vw, (max-width: 1024px) 50vw, 25vw\" srcset=\"https:\/\/fondsclimatmontreal.com\/wp-content\/uploads\/2025\/02\/VU_Logo-vert-1920x1920.jpg 1920w, https:\/\/fondsclimatmontreal.com\/wp-content\/uploads\/2025\/02\/VU_Logo-vert-1024x1024.jpg 1024w, https:\/\/fondsclimatmontreal.com\/wp-content\/uploads\/2025\/02\/VU_Logo-vert-640x640.jpg 640w\" \/>    <\/div>\n<\/div>        <\/div>\n    <\/div>            <\/div>\n        <\/div>\n\n        <div class=\"marquee-images reverse || min-w-full mt-6 overflow-hidden\">\n            <div class=\"inner-scroll || flex flex-nowrap shrink-0 items-center w-fit gap-x-6\">\n                \n<div class=\"card-marquee || flex items-center min-h-full aspect-[300\/180] w-[11.25rem] || sm:w-[15rem] lg:w-[17.5rem] 2xl:w-[18.75rem]\" style=\"--scale-image:1\">\n            <div class=\"flex items-center justify-center h-full px-8 w-full rounded-lg bg-light || md:px-[3.25rem]\">\n            <div class=\"parallax-container\">\n    <div class=\"parallax-content\">\n        <img width=\"1024\" height=\"375\" src=\"https:\/\/fondsclimatmontreal.com\/wp-content\/uploads\/2025\/02\/centrale_agricole_symbolevert.png\" class=\"scale-[--scale-image] h-full w-auto object-contain max-h-[4.75rem]\" alt=\"\" loading=\"eager\" fetchpriority=\"high\" decoding=\"async\" sizes=\"(max-width: 640px) 100vw, (max-width: 1024px) 50vw, 25vw\" srcset=\"https:\/\/fondsclimatmontreal.com\/wp-content\/uploads\/2025\/02\/centrale_agricole_symbolevert-1920x703.png 1920w, https:\/\/fondsclimatmontreal.com\/wp-content\/uploads\/2025\/02\/centrale_agricole_symbolevert-1024x375.png 1024w, https:\/\/fondsclimatmontreal.com\/wp-content\/uploads\/2025\/02\/centrale_agricole_symbolevert-640x234.png 640w\" \/>    <\/div>\n<\/div>        <\/div>\n    <\/div>\n<div class=\"card-marquee || flex items-center min-h-full aspect-[300\/180] w-[11.25rem] || sm:w-[15rem] lg:w-[17.5rem] 2xl:w-[18.75rem]\" style=\"--scale-image:1\">\n            <div class=\"flex items-center justify-center h-full px-8 w-full rounded-lg bg-light || md:px-[3.25rem]\">\n            <div class=\"parallax-container\">\n    <div class=\"parallax-content\">\n        <img width=\"1024\" height=\"621\" src=\"https:\/\/fondsclimatmontreal.com\/wp-content\/uploads\/2025\/02\/CRE_Horizontal_RVB.png\" class=\"scale-[--scale-image] h-full w-auto object-contain max-h-[4.75rem]\" alt=\"\" loading=\"eager\" fetchpriority=\"high\" decoding=\"async\" sizes=\"(max-width: 640px) 100vw, (max-width: 1024px) 50vw, 25vw\" srcset=\"https:\/\/fondsclimatmontreal.com\/wp-content\/uploads\/2025\/02\/CRE_Horizontal_RVB-1024x621.png 1024w, https:\/\/fondsclimatmontreal.com\/wp-content\/uploads\/2025\/02\/CRE_Horizontal_RVB-640x388.png 640w\" \/>    <\/div>\n<\/div>        <\/div>\n    <\/div>\n<div class=\"card-marquee || flex items-center min-h-full aspect-[300\/180] w-[11.25rem] || sm:w-[15rem] lg:w-[17.5rem] 2xl:w-[18.75rem]\" style=\"--scale-image:1\">\n            <div class=\"flex items-center justify-center h-full px-8 w-full rounded-lg bg-light || md:px-[3.25rem]\">\n            <div class=\"parallax-container\">\n    <div class=\"parallax-content\">\n        <img width=\"1024\" height=\"554\" src=\"https:\/\/fondsclimatmontreal.com\/wp-content\/uploads\/2025\/02\/Cycle_H2O_Logo_web_RGB.png\" class=\"scale-[--scale-image] h-full w-auto object-contain max-h-[4.75rem]\" alt=\"\" loading=\"eager\" fetchpriority=\"high\" decoding=\"async\" sizes=\"(max-width: 640px) 100vw, (max-width: 1024px) 50vw, 25vw\" srcset=\"https:\/\/fondsclimatmontreal.com\/wp-content\/uploads\/2025\/02\/Cycle_H2O_Logo_web_RGB-1920x1038.png 1920w, https:\/\/fondsclimatmontreal.com\/wp-content\/uploads\/2025\/02\/Cycle_H2O_Logo_web_RGB-1024x554.png 1024w, https:\/\/fondsclimatmontreal.com\/wp-content\/uploads\/2025\/02\/Cycle_H2O_Logo_web_RGB-640x346.png 640w\" \/>    <\/div>\n<\/div>        <\/div>\n    <\/div>\n<div class=\"card-marquee || flex items-center min-h-full aspect-[300\/180] w-[11.25rem] || sm:w-[15rem] lg:w-[17.5rem] 2xl:w-[18.75rem]\" style=\"--scale-image:1\">\n            <div class=\"flex items-center justify-center h-full px-8 w-full rounded-lg bg-light || md:px-[3.25rem]\">\n            <div class=\"parallax-container\">\n    <div class=\"parallax-content\">\n        <img width=\"907\" height=\"212\" src=\"https:\/\/fondsclimatmontreal.com\/wp-content\/uploads\/2025\/02\/EQT_LogoOfficiel_RGB_Logo_corrige-espace-entre-TERRE.png\" class=\"scale-[--scale-image] h-full w-auto object-contain max-h-[4.75rem]\" alt=\"\" loading=\"eager\" fetchpriority=\"high\" decoding=\"async\" sizes=\"(max-width: 640px) 100vw, (max-width: 1024px) 50vw, 25vw\" \/>    <\/div>\n<\/div>        <\/div>\n    <\/div>\n<div class=\"card-marquee || flex items-center min-h-full aspect-[300\/180] w-[11.25rem] || sm:w-[15rem] lg:w-[17.5rem] 2xl:w-[18.75rem]\" style=\"--scale-image:1\">\n            <div class=\"flex items-center justify-center h-full px-8 w-full rounded-lg bg-light || md:px-[3.25rem]\">\n            <div class=\"parallax-container\">\n    <div class=\"parallax-content\">\n        <img width=\"1024\" height=\"320\" src=\"https:\/\/fondsclimatmontreal.com\/wp-content\/uploads\/2025\/02\/IVEO.png\" class=\"scale-[--scale-image] h-full w-auto object-contain max-h-[4.75rem]\" alt=\"\" loading=\"eager\" fetchpriority=\"high\" decoding=\"async\" sizes=\"(max-width: 640px) 100vw, (max-width: 1024px) 50vw, 25vw\" srcset=\"https:\/\/fondsclimatmontreal.com\/wp-content\/uploads\/2025\/02\/IVEO-1024x320.png 1024w, https:\/\/fondsclimatmontreal.com\/wp-content\/uploads\/2025\/02\/IVEO-640x200.png 640w\" \/>    <\/div>\n<\/div>        <\/div>\n    <\/div>\n<div class=\"card-marquee || flex items-center min-h-full aspect-[300\/180] w-[11.25rem] || sm:w-[15rem] lg:w-[17.5rem] 2xl:w-[18.75rem]\" style=\"--scale-image:1\">\n            <div class=\"flex items-center justify-center h-full px-8 w-full rounded-lg bg-light || md:px-[3.25rem]\">\n            <div class=\"parallax-container\">\n    <div class=\"parallax-content\">\n        <img width=\"942\" height=\"425\" src=\"https:\/\/fondsclimatmontreal.com\/wp-content\/uploads\/2025\/02\/Logo-ASFQ.png\" class=\"scale-[--scale-image] h-full w-auto object-contain max-h-[4.75rem]\" alt=\"\" loading=\"eager\" fetchpriority=\"high\" decoding=\"async\" sizes=\"(max-width: 640px) 100vw, (max-width: 1024px) 50vw, 25vw\" \/>    <\/div>\n<\/div>        <\/div>\n    <\/div>\n<div class=\"card-marquee || flex items-center min-h-full aspect-[300\/180] w-[11.25rem] || sm:w-[15rem] lg:w-[17.5rem] 2xl:w-[18.75rem]\" style=\"--scale-image:1\">\n            <div class=\"flex items-center justify-center h-full px-8 w-full rounded-lg bg-light || md:px-[3.25rem]\">\n            <div class=\"parallax-container\">\n    <div class=\"parallax-content\">\n        <img width=\"212\" height=\"111\" src=\"https:\/\/fondsclimatmontreal.com\/wp-content\/uploads\/2025\/02\/Logo-CISSSMO.jpg\" class=\"scale-[--scale-image] h-full w-auto object-contain max-h-[4.75rem]\" alt=\"\" loading=\"eager\" fetchpriority=\"high\" decoding=\"async\" sizes=\"(max-width: 640px) 100vw, (max-width: 1024px) 50vw, 25vw\" srcset=\"https:\/\/fondsclimatmontreal.com\/wp-content\/uploads\/2025\/02\/Logo-CISSSMO.jpg 212w, https:\/\/fondsclimatmontreal.com\/wp-content\/uploads\/2025\/02\/Logo-CISSSMO-150x79.jpg 150w\" \/>    <\/div>\n<\/div>        <\/div>\n    <\/div>\n<div class=\"card-marquee || flex items-center min-h-full aspect-[300\/180] w-[11.25rem] || sm:w-[15rem] lg:w-[17.5rem] 2xl:w-[18.75rem]\" style=\"--scale-image:1\">\n            <div class=\"flex items-center justify-center h-full px-8 w-full rounded-lg bg-light || md:px-[3.25rem]\">\n            <div class=\"parallax-container\">\n    <div class=\"parallax-content\">\n        <img width=\"1024\" height=\"538\" src=\"https:\/\/fondsclimatmontreal.com\/wp-content\/uploads\/2025\/02\/Logo_7GEN.png\" class=\"scale-[--scale-image] h-full w-auto object-contain max-h-[4.75rem]\" alt=\"\" loading=\"eager\" fetchpriority=\"high\" decoding=\"async\" sizes=\"(max-width: 640px) 100vw, (max-width: 1024px) 50vw, 25vw\" srcset=\"https:\/\/fondsclimatmontreal.com\/wp-content\/uploads\/2025\/02\/Logo_7GEN-1024x538.png 1024w, https:\/\/fondsclimatmontreal.com\/wp-content\/uploads\/2025\/02\/Logo_7GEN-640x336.png 640w\" \/>    <\/div>\n<\/div>        <\/div>\n    <\/div>\n<div class=\"card-marquee || flex items-center min-h-full aspect-[300\/180] w-[11.25rem] || sm:w-[15rem] lg:w-[17.5rem] 2xl:w-[18.75rem]\" style=\"--scale-image:1\">\n            <div class=\"flex items-center justify-center h-full px-8 w-full rounded-lg bg-light || md:px-[3.25rem]\">\n            <div class=\"parallax-container\">\n    <div class=\"parallax-content\">\n        <img width=\"1024\" height=\"557\" src=\"https:\/\/fondsclimatmontreal.com\/wp-content\/uploads\/2025\/02\/Logo_CMYK-couleur-1.png\" class=\"scale-[--scale-image] h-full w-auto object-contain max-h-[4.75rem]\" alt=\"\" loading=\"eager\" fetchpriority=\"high\" decoding=\"async\" sizes=\"(max-width: 640px) 100vw, (max-width: 1024px) 50vw, 25vw\" srcset=\"https:\/\/fondsclimatmontreal.com\/wp-content\/uploads\/2025\/02\/Logo_CMYK-couleur-1-1024x557.png 1024w, https:\/\/fondsclimatmontreal.com\/wp-content\/uploads\/2025\/02\/Logo_CMYK-couleur-1-640x348.png 640w\" \/>    <\/div>\n<\/div>        <\/div>\n    <\/div>\n<div class=\"card-marquee || flex items-center min-h-full aspect-[300\/180] w-[11.25rem] || sm:w-[15rem] lg:w-[17.5rem] 2xl:w-[18.75rem]\" style=\"--scale-image:1\">\n            <div class=\"flex items-center justify-center h-full px-8 w-full rounded-lg bg-light || md:px-[3.25rem]\">\n            <div class=\"parallax-container\">\n    <div class=\"parallax-content\">\n        <img width=\"1024\" height=\"340\" src=\"https:\/\/fondsclimatmontreal.com\/wp-content\/uploads\/2025\/02\/logo_excellence-industrielle-saint-laurent_couleur.webp\" class=\"scale-[--scale-image] h-full w-auto object-contain max-h-[4.75rem]\" alt=\"\" loading=\"eager\" fetchpriority=\"high\" decoding=\"async\" sizes=\"(max-width: 640px) 100vw, (max-width: 1024px) 50vw, 25vw\" srcset=\"https:\/\/fondsclimatmontreal.com\/wp-content\/uploads\/2025\/02\/logo_excellence-industrielle-saint-laurent_couleur-1024x340.webp 1024w, https:\/\/fondsclimatmontreal.com\/wp-content\/uploads\/2025\/02\/logo_excellence-industrielle-saint-laurent_couleur-640x213.webp 640w\" \/>    <\/div>\n<\/div>        <\/div>\n    <\/div>\n<div class=\"card-marquee || flex items-center min-h-full aspect-[300\/180] w-[11.25rem] || sm:w-[15rem] lg:w-[17.5rem] 2xl:w-[18.75rem]\" style=\"--scale-image:1\">\n            <div class=\"flex items-center justify-center h-full px-8 w-full rounded-lg bg-light || md:px-[3.25rem]\">\n            <div class=\"parallax-container\">\n    <div class=\"parallax-content\">\n        <img width=\"1024\" height=\"486\" src=\"https:\/\/fondsclimatmontreal.com\/wp-content\/uploads\/2025\/02\/Logo_Finance-Montreal_Bleu.png\" class=\"scale-[--scale-image] h-full w-auto object-contain max-h-[4.75rem]\" alt=\"\" loading=\"eager\" fetchpriority=\"high\" decoding=\"async\" sizes=\"(max-width: 640px) 100vw, (max-width: 1024px) 50vw, 25vw\" srcset=\"https:\/\/fondsclimatmontreal.com\/wp-content\/uploads\/2025\/02\/Logo_Finance-Montreal_Bleu-1024x486.png 1024w, https:\/\/fondsclimatmontreal.com\/wp-content\/uploads\/2025\/02\/Logo_Finance-Montreal_Bleu-640x304.png 640w\" \/>    <\/div>\n<\/div>        <\/div>\n    <\/div>\n<div class=\"card-marquee || flex items-center min-h-full aspect-[300\/180] w-[11.25rem] || sm:w-[15rem] lg:w-[17.5rem] 2xl:w-[18.75rem]\" style=\"--scale-image:1.15\">\n            <div class=\"flex items-center justify-center h-full px-8 w-full rounded-lg bg-light || md:px-[3.25rem]\">\n            <div class=\"parallax-container\">\n    <div class=\"parallax-content\">\n        <img width=\"1024\" height=\"1024\" src=\"https:\/\/fondsclimatmontreal.com\/wp-content\/uploads\/2025\/04\/LOGO-MULO-1024x1024.png\" class=\"scale-[--scale-image] h-full w-auto object-contain max-h-[4.75rem]\" alt=\"\" loading=\"eager\" fetchpriority=\"high\" decoding=\"async\" sizes=\"(max-width: 640px) 100vw, (max-width: 1024px) 50vw, 25vw\" srcset=\"https:\/\/fondsclimatmontreal.com\/wp-content\/uploads\/2025\/04\/LOGO-MULO-1024x1024.png 1024w, https:\/\/fondsclimatmontreal.com\/wp-content\/uploads\/2025\/04\/LOGO-MULO-1920x1920.png 1920w, https:\/\/fondsclimatmontreal.com\/wp-content\/uploads\/2025\/04\/LOGO-MULO-640x640.png 640w\" \/>    <\/div>\n<\/div>        <\/div>\n    <\/div>\n<div class=\"card-marquee || flex items-center min-h-full aspect-[300\/180] w-[11.25rem] || sm:w-[15rem] lg:w-[17.5rem] 2xl:w-[18.75rem]\" style=\"--scale-image:1\">\n            <div class=\"flex items-center justify-center h-full px-8 w-full rounded-lg bg-light || md:px-[3.25rem]\">\n            <div class=\"parallax-container\">\n    <div class=\"parallax-content\">\n        <img width=\"914\" height=\"343\" src=\"https:\/\/fondsclimatmontreal.com\/wp-content\/uploads\/2025\/02\/Logo-climaMTL-couleur.png\" class=\"scale-[--scale-image] h-full w-auto object-contain max-h-[4.75rem]\" alt=\"\" loading=\"eager\" fetchpriority=\"high\" decoding=\"async\" sizes=\"(max-width: 640px) 100vw, (max-width: 1024px) 50vw, 25vw\" \/>    <\/div>\n<\/div>        <\/div>\n    <\/div>\n<div class=\"card-marquee || flex items-center min-h-full aspect-[300\/180] w-[11.25rem] || sm:w-[15rem] lg:w-[17.5rem] 2xl:w-[18.75rem]\" style=\"--scale-image:1\">\n            <div class=\"flex items-center justify-center h-full px-8 w-full rounded-lg bg-light || md:px-[3.25rem]\">\n            <div class=\"parallax-container\">\n    <div class=\"parallax-content\">\n        <img width=\"256\" height=\"256\" src=\"https:\/\/fondsclimatmontreal.com\/wp-content\/uploads\/2025\/02\/Logo-CoopCarbone-Carre-Bleu256px.png\" class=\"scale-[--scale-image] h-full w-auto object-contain max-h-[4.75rem]\" alt=\"\" loading=\"eager\" fetchpriority=\"high\" decoding=\"async\" sizes=\"(max-width: 640px) 100vw, (max-width: 1024px) 50vw, 25vw\" srcset=\"https:\/\/fondsclimatmontreal.com\/wp-content\/uploads\/2025\/02\/Logo-CoopCarbone-Carre-Bleu256px.png 256w, https:\/\/fondsclimatmontreal.com\/wp-content\/uploads\/2025\/02\/Logo-CoopCarbone-Carre-Bleu256px-150x150.png 150w\" \/>    <\/div>\n<\/div>        <\/div>\n    <\/div>\n<div class=\"card-marquee || flex items-center min-h-full aspect-[300\/180] w-[11.25rem] || sm:w-[15rem] lg:w-[17.5rem] 2xl:w-[18.75rem]\" style=\"--scale-image:1\">\n            <div class=\"flex items-center justify-center h-full px-8 w-full rounded-lg bg-light || md:px-[3.25rem]\">\n            <div class=\"parallax-container\">\n    <div class=\"parallax-content\">\n        <img width=\"300\" height=\"300\" src=\"https:\/\/fondsclimatmontreal.com\/wp-content\/uploads\/2025\/02\/Logo-kite-mobility.png\" class=\"scale-[--scale-image] h-full w-auto object-contain max-h-[4.75rem]\" alt=\"\" loading=\"eager\" fetchpriority=\"high\" decoding=\"async\" sizes=\"(max-width: 640px) 100vw, (max-width: 1024px) 50vw, 25vw\" srcset=\"https:\/\/fondsclimatmontreal.com\/wp-content\/uploads\/2025\/02\/Logo-kite-mobility.png 300w, https:\/\/fondsclimatmontreal.com\/wp-content\/uploads\/2025\/02\/Logo-kite-mobility-150x150.png 150w\" \/>    <\/div>\n<\/div>        <\/div>\n    <\/div>\n<div class=\"card-marquee || flex items-center min-h-full aspect-[300\/180] w-[11.25rem] || sm:w-[15rem] lg:w-[17.5rem] 2xl:w-[18.75rem]\" style=\"--scale-image:1\">\n            <div class=\"flex items-center justify-center h-full px-8 w-full rounded-lg bg-light || md:px-[3.25rem]\">\n            <div class=\"parallax-container\">\n    <div class=\"parallax-content\">\n        <img width=\"1024\" height=\"414\" src=\"https:\/\/fondsclimatmontreal.com\/wp-content\/uploads\/2025\/02\/Logo-LocoMotion_2-lignes.png\" class=\"scale-[--scale-image] h-full w-auto object-contain max-h-[4.75rem]\" alt=\"\" loading=\"eager\" fetchpriority=\"high\" decoding=\"async\" sizes=\"(max-width: 640px) 100vw, (max-width: 1024px) 50vw, 25vw\" srcset=\"https:\/\/fondsclimatmontreal.com\/wp-content\/uploads\/2025\/02\/Logo-LocoMotion_2-lignes-1920x775.png 1920w, https:\/\/fondsclimatmontreal.com\/wp-content\/uploads\/2025\/02\/Logo-LocoMotion_2-lignes-1024x414.png 1024w, https:\/\/fondsclimatmontreal.com\/wp-content\/uploads\/2025\/02\/Logo-LocoMotion_2-lignes-640x258.png 640w\" \/>    <\/div>\n<\/div>        <\/div>\n    <\/div>\n<div class=\"card-marquee || flex items-center min-h-full aspect-[300\/180] w-[11.25rem] || sm:w-[15rem] lg:w-[17.5rem] 2xl:w-[18.75rem]\" style=\"--scale-image:1\">\n            <div class=\"flex items-center justify-center h-full px-8 w-full rounded-lg bg-light || md:px-[3.25rem]\">\n            <div class=\"parallax-container\">\n    <div class=\"parallax-content\">\n        <img width=\"436\" height=\"203\" src=\"https:\/\/fondsclimatmontreal.com\/wp-content\/uploads\/2025\/02\/NatureQuebec-Logo-RVB.png\" class=\"scale-[--scale-image] h-full w-auto object-contain max-h-[4.75rem]\" alt=\"\" loading=\"eager\" fetchpriority=\"high\" decoding=\"async\" sizes=\"(max-width: 640px) 100vw, (max-width: 1024px) 50vw, 25vw\" srcset=\"https:\/\/fondsclimatmontreal.com\/wp-content\/uploads\/2025\/02\/NatureQuebec-Logo-RVB.png 436w, https:\/\/fondsclimatmontreal.com\/wp-content\/uploads\/2025\/02\/NatureQuebec-Logo-RVB-350x163.png 350w, https:\/\/fondsclimatmontreal.com\/wp-content\/uploads\/2025\/02\/NatureQuebec-Logo-RVB-150x70.png 150w\" \/>    <\/div>\n<\/div>        <\/div>\n    <\/div>\n<div class=\"card-marquee || flex items-center min-h-full aspect-[300\/180] w-[11.25rem] || sm:w-[15rem] lg:w-[17.5rem] 2xl:w-[18.75rem]\" style=\"--scale-image:1\">\n            <div class=\"flex items-center justify-center h-full px-8 w-full rounded-lg bg-light || md:px-[3.25rem]\">\n            <div class=\"parallax-container\">\n    <div class=\"parallax-content\">\n        <img width=\"1024\" height=\"498\" src=\"https:\/\/fondsclimatmontreal.com\/wp-content\/uploads\/2025\/02\/RGB_GRAME-LogoType-Couleur.png\" class=\"scale-[--scale-image] h-full w-auto object-contain max-h-[4.75rem]\" alt=\"\" loading=\"eager\" fetchpriority=\"high\" decoding=\"async\" sizes=\"(max-width: 640px) 100vw, (max-width: 1024px) 50vw, 25vw\" srcset=\"https:\/\/fondsclimatmontreal.com\/wp-content\/uploads\/2025\/02\/RGB_GRAME-LogoType-Couleur-1024x498.png 1024w, https:\/\/fondsclimatmontreal.com\/wp-content\/uploads\/2025\/02\/RGB_GRAME-LogoType-Couleur-640x311.png 640w\" \/>    <\/div>\n<\/div>        <\/div>\n    <\/div>\n<div class=\"card-marquee || flex items-center min-h-full aspect-[300\/180] w-[11.25rem] || sm:w-[15rem] lg:w-[17.5rem] 2xl:w-[18.75rem]\" style=\"--scale-image:1\">\n            <div class=\"flex items-center justify-center h-full px-8 w-full rounded-lg bg-light || md:px-[3.25rem]\">\n            <div class=\"parallax-container\">\n    <div class=\"parallax-content\">\n        <img width=\"707\" height=\"442\" src=\"https:\/\/fondsclimatmontreal.com\/wp-content\/uploads\/2025\/02\/VVenV_rvb.png\" class=\"scale-[--scale-image] h-full w-auto object-contain max-h-[4.75rem]\" alt=\"\" loading=\"eager\" fetchpriority=\"high\" decoding=\"async\" sizes=\"(max-width: 640px) 100vw, (max-width: 1024px) 50vw, 25vw\" \/>    <\/div>\n<\/div>        <\/div>\n    <\/div>\n<div class=\"card-marquee || flex items-center min-h-full aspect-[300\/180] w-[11.25rem] || sm:w-[15rem] lg:w-[17.5rem] 2xl:w-[18.75rem]\" style=\"--scale-image:1\">\n            <div class=\"flex items-center justify-center h-full px-8 w-full rounded-lg bg-light || md:px-[3.25rem]\">\n            <div class=\"parallax-container\">\n    <div class=\"parallax-content\">\n        <img width=\"1024\" height=\"556\" src=\"https:\/\/fondsclimatmontreal.com\/wp-content\/uploads\/2025\/02\/Velorution-01.png\" class=\"scale-[--scale-image] h-full w-auto object-contain max-h-[4.75rem]\" alt=\"\" loading=\"eager\" fetchpriority=\"high\" decoding=\"async\" sizes=\"(max-width: 640px) 100vw, (max-width: 1024px) 50vw, 25vw\" srcset=\"https:\/\/fondsclimatmontreal.com\/wp-content\/uploads\/2025\/02\/Velorution-01-1024x556.png 1024w, https:\/\/fondsclimatmontreal.com\/wp-content\/uploads\/2025\/02\/Velorution-01-640x348.png 640w\" \/>    <\/div>\n<\/div>        <\/div>\n    <\/div>\n<div class=\"card-marquee || flex items-center min-h-full aspect-[300\/180] w-[11.25rem] || sm:w-[15rem] lg:w-[17.5rem] 2xl:w-[18.75rem]\" style=\"--scale-image:1\">\n            <div class=\"flex items-center justify-center h-full px-8 w-full rounded-lg bg-light || md:px-[3.25rem]\">\n            <div class=\"parallax-container\">\n    <div class=\"parallax-content\">\n        <img width=\"1024\" height=\"832\" src=\"https:\/\/fondsclimatmontreal.com\/wp-content\/uploads\/2025\/02\/VQ_Logo_Coul.png\" class=\"scale-[--scale-image] h-full w-auto object-contain max-h-[4.75rem]\" alt=\"\" loading=\"eager\" fetchpriority=\"high\" decoding=\"async\" sizes=\"(max-width: 640px) 100vw, (max-width: 1024px) 50vw, 25vw\" srcset=\"https:\/\/fondsclimatmontreal.com\/wp-content\/uploads\/2025\/02\/VQ_Logo_Coul-1024x832.png 1024w, https:\/\/fondsclimatmontreal.com\/wp-content\/uploads\/2025\/02\/VQ_Logo_Coul-640x520.png 640w\" \/>    <\/div>\n<\/div>        <\/div>\n    <\/div>\n<div class=\"card-marquee || flex items-center min-h-full aspect-[300\/180] w-[11.25rem] || sm:w-[15rem] lg:w-[17.5rem] 2xl:w-[18.75rem]\" style=\"--scale-image:1\">\n            <div class=\"flex items-center justify-center h-full px-8 w-full rounded-lg bg-light || md:px-[3.25rem]\">\n            <div class=\"parallax-container\">\n    <div class=\"parallax-content\">\n        <img width=\"1024\" height=\"1024\" src=\"https:\/\/fondsclimatmontreal.com\/wp-content\/uploads\/2025\/02\/VU_Logo-vert-scaled.jpg\" class=\"scale-[--scale-image] h-full w-auto object-contain max-h-[4.75rem]\" alt=\"\" loading=\"eager\" fetchpriority=\"high\" decoding=\"async\" sizes=\"(max-width: 640px) 100vw, (max-width: 1024px) 50vw, 25vw\" srcset=\"https:\/\/fondsclimatmontreal.com\/wp-content\/uploads\/2025\/02\/VU_Logo-vert-1920x1920.jpg 1920w, https:\/\/fondsclimatmontreal.com\/wp-content\/uploads\/2025\/02\/VU_Logo-vert-1024x1024.jpg 1024w, https:\/\/fondsclimatmontreal.com\/wp-content\/uploads\/2025\/02\/VU_Logo-vert-640x640.jpg 640w\" \/>    <\/div>\n<\/div>        <\/div>\n    <\/div>            <\/div>\n        <\/div>\n    <\/section>\n","protected":false},"excerpt":{"rendered":"","protected":false},"author":1,"featured_media":3531,"parent":0,"menu_order":0,"comment_status":"closed","ping_status":"closed","template":"","meta":{"_acf_changed":true,"footnotes":""},"class_list":["post-926","page","type-page","status-publish","has-post-thumbnail","hentry"],"acf":[],"_links":{"self":[{"href":"https:\/\/fondsclimatmontreal.com\/en\/wp-json\/wp\/v2\/pages\/926","targetHints":{"allow":["GET"]}}],"collection":[{"href":"https:\/\/fondsclimatmontreal.com\/en\/wp-json\/wp\/v2\/pages"}],"about":[{"href":"https:\/\/fondsclimatmontreal.com\/en\/wp-json\/wp\/v2\/types\/page"}],"author":[{"embeddable":true,"href":"https:\/\/fondsclimatmontreal.com\/en\/wp-json\/wp\/v2\/users\/1"}],"replies":[{"embeddable":true,"href":"https:\/\/fondsclimatmontreal.com\/en\/wp-json\/wp\/v2\/comments?post=926"}],"version-history":[{"count":0,"href":"https:\/\/fondsclimatmontreal.com\/en\/wp-json\/wp\/v2\/pages\/926\/revisions"}],"wp:featuredmedia":[{"embeddable":true,"href":"https:\/\/fondsclimatmontreal.com\/en\/wp-json\/wp\/v2\/media\/3531"}],"wp:attachment":[{"href":"https:\/\/fondsclimatmontreal.com\/en\/wp-json\/wp\/v2\/media?parent=926"}],"curies":[{"name":"wp","href":"https:\/\/api.w.org\/{rel}","templated":true}]}}